{"id":346,"date":"2022-01-11T10:32:11","date_gmt":"2022-01-11T15:32:11","guid":{"rendered":"https:\/\/centreauditifabitibi.com\/?page_id=346"},"modified":"2022-03-31T13:02:44","modified_gmt":"2022-03-31T17:02:44","slug":"blogue","status":"publish","type":"page","link":"https:\/\/centreauditifabitibi.com\/en\/blogue\/","title":{"rendered":"Blogue"},"content":{"rendered":"<div class=\"fusion-fullwidth fullwidth-box fusion-builder-row-1 fusion-flex-container nonhundred-percent-fullwidth non-hundred-percent-height-scrolling\" style=\"--awb-border-radius-top-left:0px;--awb-border-radius-top-right:0px;--awb-border-radius-bottom-right:0px;--awb-border-radius-bottom-left:0px;--awb-padding-top-small:0px;--awb-margin-top-small:-80px;--awb-background-color:#ffffff;--awb-flex-wrap:wrap;\" ><div class=\"fusion-builder-row fusion-row fusion-flex-align-items-flex-start fusion-flex-content-wrap\" style=\"max-width:1183.52px;margin-left: calc(-4% \/ 2 );margin-right: calc(-4% \/ 2 );\"><div class=\"fusion-layout-column fusion_builder_column fusion-builder-column-0 fusion_builder_column_1_1 1_1 fusion-flex-column\" style=\"--awb-padding-top:50px;--awb-padding-top-small:0px;--awb-bg-size:cover;--awb-width-large:100%;--awb-margin-top-large:0px;--awb-spacing-right-large:1.92%;--awb-margin-bottom-large:20px;--awb-spacing-left-large:1.92%;--awb-width-medium:100%;--awb-order-medium:0;--awb-spacing-right-medium:1.92%;--awb-spacing-left-medium:1.92%;--awb-width-small:100%;--awb-order-small:0;--awb-spacing-right-small:1.92%;--awb-spacing-left-small:1.92%;\"><div class=\"fusion-column-wrapper fusion-column-has-shadow fusion-flex-justify-content-flex-start fusion-content-layout-column\"><div class=\"fusion-title title fusion-title-1 fusion-sep-none fusion-title-text fusion-title-size-one\" style=\"--awb-font-size:58px;\"><h1 class=\"fusion-title-heading title-heading-left\" style=\"font-family:&quot;Libre Baskerville&quot;;font-style:normal;font-weight:400;margin:0;font-size:1em;\">Blogue<\/h1><\/div><\/div><\/div><div class=\"fusion-layout-column fusion_builder_column fusion-builder-column-1 fusion_builder_column_1_1 1_1 fusion-flex-column\" style=\"--awb-bg-size:cover;--awb-width-large:100%;--awb-margin-top-large:0px;--awb-spacing-right-large:1.92%;--awb-margin-bottom-large:20px;--awb-spacing-left-large:1.92%;--awb-width-medium:100%;--awb-order-medium:0;--awb-spacing-right-medium:1.92%;--awb-spacing-left-medium:1.92%;--awb-width-small:100%;--awb-order-small:0;--awb-spacing-right-small:1.92%;--awb-spacing-left-small:1.92%;\"><div class=\"fusion-column-wrapper fusion-column-has-shadow fusion-flex-justify-content-flex-start fusion-content-layout-column\"><div class=\"fusion-blog-shortcode fusion-blog-shortcode-1 fusion-blog-archive fusion-blog-layout-grid-wrapper fusion-blog-no fusion-blog-layout-left\"><style type=\"text\/css\">.fusion-blog-shortcode-1 .fusion-blog-layout-grid .fusion-post-grid{padding:10px;}.fusion-blog-shortcode-1 .fusion-posts-container{margin-left: -10px !important; margin-right:-10px !important;}<\/style><div class=\"fusion-posts-container fusion-posts-container-no fusion-no-meta-info fusion-blog-rollover fusion-blog-layout-grid fusion-blog-layout-grid-3 isotope fusion-blog-equal-heights\" data-pages=\"0\" data-grid-col-space=\"20\" style=\"margin: -10px -10px 0;min-height:500px;\"><article id=\"blog-1-post-1887\" class=\"fusion-post-grid post-1887 post type-post status-publish format-standard has-post-thumbnail hentry category-article\">\n<div class=\"fusion-post-wrapper\" style=\"background-color:rgba(255,255,255,0);border:1px solid rgba(0,115,162,0.06);border-bottom-width:3px;\">\n\n\t\t\t<div class=\"fusion-flexslider flexslider fusion-flexslider-loading fusion-post-slideshow\" style=\"border-color:rgba(0,115,162,0.06);\">\n\t\t<ul class=\"slides\">\n\t\t\t\n\t\t\t\t\t\t\t\t\t\t\t\t\t\t<li><div  class=\"fusion-image-wrapper\" aria-haspopup=\"true\">\n\t\t\t\t<img decoding=\"async\" width=\"940\" height=\"788\" src=\"https:\/\/centreauditifabitibi.com\/wp-content\/uploads\/2025\/01\/Citation.jpg\" class=\"attachment-full size-full wp-post-image\" alt=\"\" srcset=\"https:\/\/centreauditifabitibi.com\/wp-content\/uploads\/2025\/01\/Citation-200x168.jpg 200w, https:\/\/centreauditifabitibi.com\/wp-content\/uploads\/2025\/01\/Citation-400x335.jpg 400w, https:\/\/centreauditifabitibi.com\/wp-content\/uploads\/2025\/01\/Citation-600x503.jpg 600w, https:\/\/centreauditifabitibi.com\/wp-content\/uploads\/2025\/01\/Citation-800x671.jpg 800w, https:\/\/centreauditifabitibi.com\/wp-content\/uploads\/2025\/01\/Citation.jpg 940w\" sizes=\"(min-width: 2200px) 100vw, (min-width: 784px) 366px, (min-width: 712px) 549px, (min-width: 640px) 712px, \" \/><div class=\"fusion-rollover\">\n\t<div class=\"fusion-rollover-content\">\n\n\t\t\t\t\n\t\t\n\t\t\t\t\t\t\t\t\t\t\t\t<h4 class=\"fusion-rollover-title\">\n\t\t\t\t\t<a class=\"fusion-rollover-title-link\" href=\"https:\/\/centreauditifabitibi.com\/en\/connaitre-la-presbyacousie\/\">\n\t\t\t\t\t\tConna\u00eetre la presbyacousie\t\t\t\t\t<\/a>\n\t\t\t\t<\/h4>\n\t\t\t\n\t\t\t\t\t\t\t\t\n\t\t\n\t\t\t\t\t\t<a class=\"fusion-link-wrapper\" href=\"https:\/\/centreauditifabitibi.com\/en\/connaitre-la-presbyacousie\/\" aria-label=\"Conna\u00eetre la presbyacousie\"><\/a>\n\t<\/div>\n<\/div>\n<\/div>\n<\/li>\n\t\t\t\n\t\t\t\n\t\t\t\t\t\t\t\t\t\t\t\t\t\t\t\t\t\t\t\t\t\t\t\t\t\t\t\t\t\t\t\t\t\t\t\t\t\t\t\t\t\t\t\t\t\t\t\t\t\t\t\t\t\t\t\t\t\t\t\t\t\t\t\t\t\t\t\t<\/ul>\n\t<\/div>\n\t<div class=\"fusion-post-content-wrapper\" style=\"padding:30px 25px 25px 25px;\"><div class=\"fusion-post-content post-content\"><h2 class=\"blog-shortcode-post-title entry-title\"><a href=\"https:\/\/centreauditifabitibi.com\/en\/connaitre-la-presbyacousie\/\">Conna\u00eetre la presbyacousie<\/a><\/h2><div class=\"fusion-post-content-container\"><p>Ce n\u2019est un secret pour personne : le vieillissement entra\u00eene plusieurs changements. Les oreilles n\u2019en font pas exception. Le trouble [...]<\/p><\/div><\/div><\/div><div class=\"fusion-clearfix\"><\/div><\/div>\n<\/article>\n<article id=\"blog-1-post-1853\" class=\"fusion-post-grid post-1853 post type-post status-publish format-standard has-post-thumbnail hentry category-article\">\n<div class=\"fusion-post-wrapper\" style=\"background-color:rgba(255,255,255,0);border:1px solid rgba(0,115,162,0.06);border-bottom-width:3px;\">\n\n\t\t\t<div class=\"fusion-flexslider flexslider fusion-flexslider-loading fusion-post-slideshow\" style=\"border-color:rgba(0,115,162,0.06);\">\n\t\t<ul class=\"slides\">\n\t\t\t\n\t\t\t\t\t\t\t\t\t\t\t\t\t\t<li><div  class=\"fusion-image-wrapper\" aria-haspopup=\"true\">\n\t\t\t\t<img decoding=\"async\" width=\"628\" height=\"628\" src=\"https:\/\/centreauditifabitibi.com\/wp-content\/uploads\/2024\/09\/Auracast_Airport.jpg\" class=\"attachment-full size-full wp-post-image\" alt=\"\" srcset=\"https:\/\/centreauditifabitibi.com\/wp-content\/uploads\/2024\/09\/Auracast_Airport-200x200.jpg 200w, https:\/\/centreauditifabitibi.com\/wp-content\/uploads\/2024\/09\/Auracast_Airport-400x400.jpg 400w, https:\/\/centreauditifabitibi.com\/wp-content\/uploads\/2024\/09\/Auracast_Airport-600x600.jpg 600w, https:\/\/centreauditifabitibi.com\/wp-content\/uploads\/2024\/09\/Auracast_Airport.jpg 628w\" sizes=\"(min-width: 2200px) 100vw, (min-width: 784px) 366px, (min-width: 712px) 549px, (min-width: 640px) 712px, \" \/><div class=\"fusion-rollover\">\n\t<div class=\"fusion-rollover-content\">\n\n\t\t\t\t\n\t\t\n\t\t\t\t\t\t\t\t\t\t\t\t<h4 class=\"fusion-rollover-title\">\n\t\t\t\t\t<a class=\"fusion-rollover-title-link\" href=\"https:\/\/centreauditifabitibi.com\/en\/auracast\/\">\n\t\t\t\t\t\tBluetooth LE Audio et Auracast\u2122\u00a0: l\u2019arriv\u00e9e d\u2019une v\u00e9ritable technologie d\u2019\u00e9coute assist\u00e9e\t\t\t\t\t<\/a>\n\t\t\t\t<\/h4>\n\t\t\t\n\t\t\t\t\t\t\t\t\n\t\t\n\t\t\t\t\t\t<a class=\"fusion-link-wrapper\" href=\"https:\/\/centreauditifabitibi.com\/en\/auracast\/\" aria-label=\"Bluetooth LE Audio et Auracast\u2122\u00a0: l\u2019arriv\u00e9e d\u2019une v\u00e9ritable technologie d\u2019\u00e9coute assist\u00e9e\"><\/a>\n\t<\/div>\n<\/div>\n<\/div>\n<\/li>\n\t\t\t\n\t\t\t\n\t\t\t\t\t\t\t\t\t\t\t\t\t\t\t\t\t\t\t\t\t\t\t\t\t\t\t\t\t\t\t\t\t\t\t\t\t\t\t\t\t\t\t\t\t\t\t\t\t\t\t\t\t\t\t\t\t\t\t\t\t\t\t\t\t\t\t\t<\/ul>\n\t<\/div>\n\t<div class=\"fusion-post-content-wrapper\" style=\"padding:30px 25px 25px 25px;\"><div class=\"fusion-post-content post-content\"><h2 class=\"blog-shortcode-post-title entry-title\"><a href=\"https:\/\/centreauditifabitibi.com\/en\/auracast\/\">Bluetooth LE Audio et Auracast\u2122\u00a0: l\u2019arriv\u00e9e d\u2019une v\u00e9ritable technologie d\u2019\u00e9coute assist\u00e9e<\/a><\/h2><div class=\"fusion-post-content-container\"><p>La technologie de transmission Bluetooth est d\u00e9j\u00e0 bien \u00e9tablie dans nos vies et cela depuis plus de 2\u00a0d\u00e9cennies. Que ce [...]<\/p><\/div><\/div><\/div><div class=\"fusion-clearfix\"><\/div><\/div>\n<\/article>\n<article id=\"blog-1-post-1841\" class=\"fusion-post-grid post-1841 post type-post status-publish format-standard has-post-thumbnail hentry category-article category-prevention\">\n<div class=\"fusion-post-wrapper\" style=\"background-color:rgba(255,255,255,0);border:1px solid rgba(0,115,162,0.06);border-bottom-width:3px;\">\n\n\t\t\t<div class=\"fusion-flexslider flexslider fusion-flexslider-loading fusion-post-slideshow\" style=\"border-color:rgba(0,115,162,0.06);\">\n\t\t<ul class=\"slides\">\n\t\t\t\n\t\t\t\t\t\t\t\t\t\t\t\t\t\t<li><div  class=\"fusion-image-wrapper\" aria-haspopup=\"true\">\n\t\t\t\t<img decoding=\"async\" width=\"1200\" height=\"1200\" src=\"https:\/\/centreauditifabitibi.com\/wp-content\/uploads\/2024\/08\/detecteur-3d.jpg\" class=\"attachment-full size-full wp-post-image\" alt=\"\" srcset=\"https:\/\/centreauditifabitibi.com\/wp-content\/uploads\/2024\/08\/detecteur-3d-200x200.jpg 200w, https:\/\/centreauditifabitibi.com\/wp-content\/uploads\/2024\/08\/detecteur-3d-400x400.jpg 400w, https:\/\/centreauditifabitibi.com\/wp-content\/uploads\/2024\/08\/detecteur-3d-600x600.jpg 600w, https:\/\/centreauditifabitibi.com\/wp-content\/uploads\/2024\/08\/detecteur-3d-800x800.jpg 800w, https:\/\/centreauditifabitibi.com\/wp-content\/uploads\/2024\/08\/detecteur-3d.jpg 1200w\" sizes=\"(min-width: 2200px) 100vw, (min-width: 784px) 366px, (min-width: 712px) 549px, (min-width: 640px) 712px, \" \/><div class=\"fusion-rollover\">\n\t<div class=\"fusion-rollover-content\">\n\n\t\t\t\t\n\t\t\n\t\t\t\t\t\t\t\t\t\t\t\t<h4 class=\"fusion-rollover-title\">\n\t\t\t\t\t<a class=\"fusion-rollover-title-link\" href=\"https:\/\/centreauditifabitibi.com\/en\/capteurs-3d-dans-les-protheses-auditives\/\">\n\t\t\t\t\t\tDes capteurs 3D dans les proth\u00e8ses auditives, pourquoi pas?\t\t\t\t\t<\/a>\n\t\t\t\t<\/h4>\n\t\t\t\n\t\t\t\t\t\t\t\t\n\t\t\n\t\t\t\t\t\t<a class=\"fusion-link-wrapper\" href=\"https:\/\/centreauditifabitibi.com\/en\/capteurs-3d-dans-les-protheses-auditives\/\" aria-label=\"Des capteurs 3D dans les proth\u00e8ses auditives, pourquoi pas?\"><\/a>\n\t<\/div>\n<\/div>\n<\/div>\n<\/li>\n\t\t\t\n\t\t\t\n\t\t\t\t\t\t\t\t\t\t\t\t\t\t\t\t\t\t\t\t\t\t\t\t\t\t\t\t\t\t\t\t\t\t\t\t\t\t\t\t\t\t\t\t\t\t\t\t\t\t\t\t\t\t\t\t\t\t\t\t\t\t\t\t\t\t\t\t<\/ul>\n\t<\/div>\n\t<div class=\"fusion-post-content-wrapper\" style=\"padding:30px 25px 25px 25px;\"><div class=\"fusion-post-content post-content\"><h2 class=\"blog-shortcode-post-title entry-title\"><a href=\"https:\/\/centreauditifabitibi.com\/en\/capteurs-3d-dans-les-protheses-auditives\/\">Des capteurs 3D dans les proth\u00e8ses auditives, pourquoi pas?<\/a><\/h2><div class=\"fusion-post-content-container\"><p>Depuis l\u2019invention des appareils auditifs \u00e0 doubles microphones, la philosophie d\u2019appareillage tournait surtout autour de l\u2019id\u00e9e que l\u2019\u00eatre humain cherche [...]<\/p><\/div><\/div><\/div><div class=\"fusion-clearfix\"><\/div><\/div>\n<\/article>\n<article id=\"blog-1-post-1822\" class=\"fusion-post-grid post-1822 post type-post status-publish format-standard has-post-thumbnail hentry category-article category-prevention\">\n<div class=\"fusion-post-wrapper\" style=\"background-color:rgba(255,255,255,0);border:1px solid rgba(0,115,162,0.06);border-bottom-width:3px;\">\n\n\t\t\t<div class=\"fusion-flexslider flexslider fusion-flexslider-loading fusion-post-slideshow\" style=\"border-color:rgba(0,115,162,0.06);\">\n\t\t<ul class=\"slides\">\n\t\t\t\n\t\t\t\t\t\t\t\t\t\t\t\t\t\t<li><div  class=\"fusion-image-wrapper\" aria-haspopup=\"true\">\n\t\t\t\t<img decoding=\"async\" width=\"2560\" height=\"2560\" src=\"https:\/\/centreauditifabitibi.com\/wp-content\/uploads\/2024\/07\/Centre-Auditif-Abitibi-Marilyn-Bilodeau-audioprothesiste-Test-de-depistage-audiogramme1-scaled.jpeg\" class=\"attachment-full size-full wp-post-image\" alt=\"\" srcset=\"https:\/\/centreauditifabitibi.com\/wp-content\/uploads\/2024\/07\/Centre-Auditif-Abitibi-Marilyn-Bilodeau-audioprothesiste-Test-de-depistage-audiogramme1-200x200.jpeg 200w, https:\/\/centreauditifabitibi.com\/wp-content\/uploads\/2024\/07\/Centre-Auditif-Abitibi-Marilyn-Bilodeau-audioprothesiste-Test-de-depistage-audiogramme1-400x400.jpeg 400w, https:\/\/centreauditifabitibi.com\/wp-content\/uploads\/2024\/07\/Centre-Auditif-Abitibi-Marilyn-Bilodeau-audioprothesiste-Test-de-depistage-audiogramme1-600x600.jpeg 600w, https:\/\/centreauditifabitibi.com\/wp-content\/uploads\/2024\/07\/Centre-Auditif-Abitibi-Marilyn-Bilodeau-audioprothesiste-Test-de-depistage-audiogramme1-800x800.jpeg 800w, https:\/\/centreauditifabitibi.com\/wp-content\/uploads\/2024\/07\/Centre-Auditif-Abitibi-Marilyn-Bilodeau-audioprothesiste-Test-de-depistage-audiogramme1-1200x1200.jpeg 1200w, https:\/\/centreauditifabitibi.com\/wp-content\/uploads\/2024\/07\/Centre-Auditif-Abitibi-Marilyn-Bilodeau-audioprothesiste-Test-de-depistage-audiogramme1-scaled.jpeg 2560w\" sizes=\"(min-width: 2200px) 100vw, (min-width: 784px) 366px, (min-width: 712px) 549px, (min-width: 640px) 712px, \" \/><div class=\"fusion-rollover\">\n\t<div class=\"fusion-rollover-content\">\n\n\t\t\t\t\n\t\t\n\t\t\t\t\t\t\t\t\t\t\t\t<h4 class=\"fusion-rollover-title\">\n\t\t\t\t\t<a class=\"fusion-rollover-title-link\" href=\"https:\/\/centreauditifabitibi.com\/en\/un-test-de-depistage-auditif-pourquoi-et-comment\/\">\n\t\t\t\t\t\tTest de d\u00e9pistage auditif : pourquoi et comment?\t\t\t\t\t<\/a>\n\t\t\t\t<\/h4>\n\t\t\t\n\t\t\t\t\t\t\t\t\n\t\t\n\t\t\t\t\t\t<a class=\"fusion-link-wrapper\" href=\"https:\/\/centreauditifabitibi.com\/en\/un-test-de-depistage-auditif-pourquoi-et-comment\/\" aria-label=\"Test de d\u00e9pistage auditif : pourquoi et comment?\"><\/a>\n\t<\/div>\n<\/div>\n<\/div>\n<\/li>\n\t\t\t\n\t\t\t\n\t\t\t\t\t\t\t\t\t\t\t\t\t\t\t\t\t\t\t\t\t\t\t\t\t\t\t\t\t\t\t\t\t\t\t\t\t\t\t\t\t\t\t\t\t\t\t\t\t\t\t\t\t\t\t\t\t\t\t\t\t\t\t\t\t\t\t\t<\/ul>\n\t<\/div>\n\t<div class=\"fusion-post-content-wrapper\" style=\"padding:30px 25px 25px 25px;\"><div class=\"fusion-post-content post-content\"><h2 class=\"blog-shortcode-post-title entry-title\"><a href=\"https:\/\/centreauditifabitibi.com\/en\/un-test-de-depistage-auditif-pourquoi-et-comment\/\">Test de d\u00e9pistage auditif : pourquoi et comment?<\/a><\/h2><div class=\"fusion-post-content-container\"><p>Souvent, vous \u00eates invit\u00e9s par le biais de ce blogue, par notre infolettre ou par diverses campagnes de sensibilisation \u00e0 [...]<\/p><\/div><\/div><\/div><div class=\"fusion-clearfix\"><\/div><\/div>\n<\/article>\n<article id=\"blog-1-post-1813\" class=\"fusion-post-grid post-1813 post type-post status-publish format-standard has-post-thumbnail hentry category-article\">\n<div class=\"fusion-post-wrapper\" style=\"background-color:rgba(255,255,255,0);border:1px solid rgba(0,115,162,0.06);border-bottom-width:3px;\">\n\n\t\t\t<div class=\"fusion-flexslider flexslider fusion-flexslider-loading fusion-post-slideshow\" style=\"border-color:rgba(0,115,162,0.06);\">\n\t\t<ul class=\"slides\">\n\t\t\t\n\t\t\t\t\t\t\t\t\t\t\t\t\t\t<li><div  class=\"fusion-image-wrapper\" aria-haspopup=\"true\">\n\t\t\t\t<img decoding=\"async\" width=\"1200\" height=\"1200\" src=\"https:\/\/centreauditifabitibi.com\/wp-content\/uploads\/2024\/06\/centre-auditif_blogue-deux.jpg\" class=\"attachment-full size-full wp-post-image\" alt=\"\" srcset=\"https:\/\/centreauditifabitibi.com\/wp-content\/uploads\/2024\/06\/centre-auditif_blogue-deux-200x200.jpg 200w, https:\/\/centreauditifabitibi.com\/wp-content\/uploads\/2024\/06\/centre-auditif_blogue-deux-400x400.jpg 400w, https:\/\/centreauditifabitibi.com\/wp-content\/uploads\/2024\/06\/centre-auditif_blogue-deux-600x600.jpg 600w, https:\/\/centreauditifabitibi.com\/wp-content\/uploads\/2024\/06\/centre-auditif_blogue-deux-800x800.jpg 800w, https:\/\/centreauditifabitibi.com\/wp-content\/uploads\/2024\/06\/centre-auditif_blogue-deux.jpg 1200w\" sizes=\"(min-width: 2200px) 100vw, (min-width: 784px) 366px, (min-width: 712px) 549px, (min-width: 640px) 712px, \" \/><div class=\"fusion-rollover\">\n\t<div class=\"fusion-rollover-content\">\n\n\t\t\t\t\n\t\t\n\t\t\t\t\t\t\t\t\t\t\t\t<h4 class=\"fusion-rollover-title\">\n\t\t\t\t\t<a class=\"fusion-rollover-title-link\" href=\"https:\/\/centreauditifabitibi.com\/en\/appareils-auditifs-deux-oreilles-avantages\/\">\n\t\t\t\t\t\tL\u2019appareillage auditif aux deux oreilles, est-ce avantageux\u2009?\t\t\t\t\t<\/a>\n\t\t\t\t<\/h4>\n\t\t\t\n\t\t\t\t\t\t\t\t\n\t\t\n\t\t\t\t\t\t<a class=\"fusion-link-wrapper\" href=\"https:\/\/centreauditifabitibi.com\/en\/appareils-auditifs-deux-oreilles-avantages\/\" aria-label=\"L\u2019appareillage auditif aux deux oreilles, est-ce avantageux\u2009?\"><\/a>\n\t<\/div>\n<\/div>\n<\/div>\n<\/li>\n\t\t\t\n\t\t\t\n\t\t\t\t\t\t\t\t\t\t\t\t\t\t\t\t\t\t\t\t\t\t\t\t\t\t\t\t\t\t\t\t\t\t\t\t\t\t\t\t\t\t\t\t\t\t\t\t\t\t\t\t\t\t\t\t\t\t\t\t\t\t\t\t\t\t\t\t<\/ul>\n\t<\/div>\n\t<div class=\"fusion-post-content-wrapper\" style=\"padding:30px 25px 25px 25px;\"><div class=\"fusion-post-content post-content\"><h2 class=\"blog-shortcode-post-title entry-title\"><a href=\"https:\/\/centreauditifabitibi.com\/en\/appareils-auditifs-deux-oreilles-avantages\/\">L\u2019appareillage auditif aux deux oreilles, est-ce avantageux\u2009?<\/a><\/h2><div class=\"fusion-post-content-container\"><p>Vous venez de vous faire diagnostiquer une perte auditive et vous vous demandez si vous devriez porter un ou deux [...]<\/p><\/div><\/div><\/div><div class=\"fusion-clearfix\"><\/div><\/div>\n<\/article>\n<article id=\"blog-1-post-1795\" class=\"fusion-post-grid post-1795 post type-post status-publish format-standard has-post-thumbnail hentry category-article category-prevention\">\n<div class=\"fusion-post-wrapper\" style=\"background-color:rgba(255,255,255,0);border:1px solid rgba(0,115,162,0.06);border-bottom-width:3px;\">\n\n\t\t\t<div class=\"fusion-flexslider flexslider fusion-flexslider-loading fusion-post-slideshow\" style=\"border-color:rgba(0,115,162,0.06);\">\n\t\t<ul class=\"slides\">\n\t\t\t\n\t\t\t\t\t\t\t\t\t\t\t\t\t\t<li><div  class=\"fusion-image-wrapper\" aria-haspopup=\"true\">\n\t\t\t\t<img decoding=\"async\" width=\"522\" height=\"522\" src=\"https:\/\/centreauditifabitibi.com\/wp-content\/uploads\/2024\/05\/jeux-video-sante-auditive.png\" class=\"attachment-full size-full wp-post-image\" alt=\"\" srcset=\"https:\/\/centreauditifabitibi.com\/wp-content\/uploads\/2024\/05\/jeux-video-sante-auditive-200x200.png 200w, https:\/\/centreauditifabitibi.com\/wp-content\/uploads\/2024\/05\/jeux-video-sante-auditive-400x400.png 400w, https:\/\/centreauditifabitibi.com\/wp-content\/uploads\/2024\/05\/jeux-video-sante-auditive.png 522w\" sizes=\"(min-width: 2200px) 100vw, (min-width: 784px) 366px, (min-width: 712px) 549px, (min-width: 640px) 712px, \" \/><div class=\"fusion-rollover\">\n\t<div class=\"fusion-rollover-content\">\n\n\t\t\t\t\n\t\t\n\t\t\t\t\t\t\t\t\t\t\t\t<h4 class=\"fusion-rollover-title\">\n\t\t\t\t\t<a class=\"fusion-rollover-title-link\" href=\"https:\/\/centreauditifabitibi.com\/en\/loisirs-et-sante-auditive\/\">\n\t\t\t\t\t\tEst-ce que nos loisirs, comme les jeux vid\u00e9o, peuvent \u00eatre nocifs pour notre sant\u00e9 auditive\u2009?\t\t\t\t\t<\/a>\n\t\t\t\t<\/h4>\n\t\t\t\n\t\t\t\t\t\t\t\t\n\t\t\n\t\t\t\t\t\t<a class=\"fusion-link-wrapper\" href=\"https:\/\/centreauditifabitibi.com\/en\/loisirs-et-sante-auditive\/\" aria-label=\"Est-ce que nos loisirs, comme les jeux vid\u00e9o, peuvent \u00eatre nocifs pour notre sant\u00e9 auditive\u2009?\"><\/a>\n\t<\/div>\n<\/div>\n<\/div>\n<\/li>\n\t\t\t\n\t\t\t\n\t\t\t\t\t\t\t\t\t\t\t\t\t\t\t\t\t\t\t\t\t\t\t\t\t\t\t\t\t\t\t\t\t\t\t\t\t\t\t\t\t\t\t\t\t\t\t\t\t\t\t\t\t\t\t\t\t\t\t\t\t\t\t\t\t\t\t\t<\/ul>\n\t<\/div>\n\t<div class=\"fusion-post-content-wrapper\" style=\"padding:30px 25px 25px 25px;\"><div class=\"fusion-post-content post-content\"><h2 class=\"blog-shortcode-post-title entry-title\"><a href=\"https:\/\/centreauditifabitibi.com\/en\/loisirs-et-sante-auditive\/\">Est-ce que nos loisirs, comme les jeux vid\u00e9o, peuvent \u00eatre nocifs pour notre sant\u00e9 auditive\u2009?<\/a><\/h2><div class=\"fusion-post-content-container\"><p>Au fil des blogues et des infolettres, nous avons tent\u00e9 de vous sensibiliser aux risques de l\u2019exposition au bruit en [...]<\/p><\/div><\/div><\/div><div class=\"fusion-clearfix\"><\/div><\/div>\n<\/article>\n<article id=\"blog-1-post-1771\" class=\"fusion-post-grid post-1771 post type-post status-publish format-standard has-post-thumbnail hentry category-article\">\n<div class=\"fusion-post-wrapper\" style=\"background-color:rgba(255,255,255,0);border:1px solid rgba(0,115,162,0.06);border-bottom-width:3px;\">\n\n\t\t\t<div class=\"fusion-flexslider flexslider fusion-flexslider-loading fusion-post-slideshow\" style=\"border-color:rgba(0,115,162,0.06);\">\n\t\t<ul class=\"slides\">\n\t\t\t\n\t\t\t\t\t\t\t\t\t\t\t\t\t\t<li><div  class=\"fusion-image-wrapper\" aria-haspopup=\"true\">\n\t\t\t\t<img decoding=\"async\" width=\"1176\" height=\"1174\" src=\"https:\/\/centreauditifabitibi.com\/wp-content\/uploads\/2024\/04\/appareils-auditifs-rechargeables-1-1.jpg\" class=\"attachment-full size-full wp-post-image\" alt=\"Appareils auditifs rechargeables\" srcset=\"https:\/\/centreauditifabitibi.com\/wp-content\/uploads\/2024\/04\/appareils-auditifs-rechargeables-1-1-200x200.jpg 200w, https:\/\/centreauditifabitibi.com\/wp-content\/uploads\/2024\/04\/appareils-auditifs-rechargeables-1-1-400x399.jpg 400w, https:\/\/centreauditifabitibi.com\/wp-content\/uploads\/2024\/04\/appareils-auditifs-rechargeables-1-1-600x599.jpg 600w, https:\/\/centreauditifabitibi.com\/wp-content\/uploads\/2024\/04\/appareils-auditifs-rechargeables-1-1-800x799.jpg 800w, https:\/\/centreauditifabitibi.com\/wp-content\/uploads\/2024\/04\/appareils-auditifs-rechargeables-1-1.jpg 1176w\" sizes=\"(min-width: 2200px) 100vw, (min-width: 784px) 366px, (min-width: 712px) 549px, (min-width: 640px) 712px, \" \/><div class=\"fusion-rollover\">\n\t<div class=\"fusion-rollover-content\">\n\n\t\t\t\t\n\t\t\n\t\t\t\t\t\t\t\t\t\t\t\t<h4 class=\"fusion-rollover-title\">\n\t\t\t\t\t<a class=\"fusion-rollover-title-link\" href=\"https:\/\/centreauditifabitibi.com\/en\/les-appareils-auditifs-rechargeables-sont-ils-fiables\/\">\n\t\t\t\t\t\tLes appareils auditifs rechargeables sont-ils fiables\u2009?\t\t\t\t\t<\/a>\n\t\t\t\t<\/h4>\n\t\t\t\n\t\t\t\t\t\t\t\t\n\t\t\n\t\t\t\t\t\t<a class=\"fusion-link-wrapper\" href=\"https:\/\/centreauditifabitibi.com\/en\/les-appareils-auditifs-rechargeables-sont-ils-fiables\/\" aria-label=\"Les appareils auditifs rechargeables sont-ils fiables\u2009?\"><\/a>\n\t<\/div>\n<\/div>\n<\/div>\n<\/li>\n\t\t\t\n\t\t\t\n\t\t\t\t\t\t\t\t\t\t\t\t\t\t\t\t\t\t\t\t\t\t\t\t\t\t\t\t\t\t\t\t\t\t\t\t\t\t\t\t\t\t\t\t\t\t\t\t\t\t\t\t\t\t\t\t\t\t\t\t\t\t\t\t\t\t\t\t<\/ul>\n\t<\/div>\n\t<div class=\"fusion-post-content-wrapper\" style=\"padding:30px 25px 25px 25px;\"><div class=\"fusion-post-content post-content\"><h2 class=\"blog-shortcode-post-title entry-title\"><a href=\"https:\/\/centreauditifabitibi.com\/en\/les-appareils-auditifs-rechargeables-sont-ils-fiables\/\">Les appareils auditifs rechargeables sont-ils fiables\u2009?<\/a><\/h2><div class=\"fusion-post-content-container\"><p>Depuis pr\u00e8s de 10 ans, les fabricants d\u2019appareils auditifs mettent sur le march\u00e9 des appareils avec piles rechargeables. Au d\u00e9part, [...]<\/p><\/div><\/div><\/div><div class=\"fusion-clearfix\"><\/div><\/div>\n<\/article>\n<article id=\"blog-1-post-1758\" class=\"fusion-post-grid post-1758 post type-post status-publish format-standard has-post-thumbnail hentry category-article\">\n<div class=\"fusion-post-wrapper\" style=\"background-color:rgba(255,255,255,0);border:1px solid rgba(0,115,162,0.06);border-bottom-width:3px;\">\n\n\t\t\t<div class=\"fusion-flexslider flexslider fusion-flexslider-loading fusion-post-slideshow\" style=\"border-color:rgba(0,115,162,0.06);\">\n\t\t<ul class=\"slides\">\n\t\t\t\n\t\t\t\t\t\t\t\t\t\t\t\t\t\t<li><div  class=\"fusion-image-wrapper\" aria-haspopup=\"true\">\n\t\t\t\t<img decoding=\"async\" width=\"750\" height=\"750\" src=\"https:\/\/centreauditifabitibi.com\/wp-content\/uploads\/2022\/01\/blog-adaptation-centre-auditif-abitibi.jpg\" class=\"attachment-full size-full wp-post-image\" alt=\"\" srcset=\"https:\/\/centreauditifabitibi.com\/wp-content\/uploads\/2022\/01\/blog-adaptation-centre-auditif-abitibi-200x200.jpg 200w, https:\/\/centreauditifabitibi.com\/wp-content\/uploads\/2022\/01\/blog-adaptation-centre-auditif-abitibi-400x400.jpg 400w, https:\/\/centreauditifabitibi.com\/wp-content\/uploads\/2022\/01\/blog-adaptation-centre-auditif-abitibi-600x600.jpg 600w, https:\/\/centreauditifabitibi.com\/wp-content\/uploads\/2022\/01\/blog-adaptation-centre-auditif-abitibi.jpg 750w\" sizes=\"(min-width: 2200px) 100vw, (min-width: 784px) 366px, (min-width: 712px) 549px, (min-width: 640px) 712px, \" \/><div class=\"fusion-rollover\">\n\t<div class=\"fusion-rollover-content\">\n\n\t\t\t\t\n\t\t\n\t\t\t\t\t\t\t\t\t\t\t\t<h4 class=\"fusion-rollover-title\">\n\t\t\t\t\t<a class=\"fusion-rollover-title-link\" href=\"https:\/\/centreauditifabitibi.com\/en\/la-sante-auditive-selon-les-genres\/\">\n\t\t\t\t\t\tLa sant\u00e9 auditive selon les genres\t\t\t\t\t<\/a>\n\t\t\t\t<\/h4>\n\t\t\t\n\t\t\t\t\t\t\t\t\n\t\t\n\t\t\t\t\t\t<a class=\"fusion-link-wrapper\" href=\"https:\/\/centreauditifabitibi.com\/en\/la-sante-auditive-selon-les-genres\/\" aria-label=\"La sant\u00e9 auditive selon les genres\"><\/a>\n\t<\/div>\n<\/div>\n<\/div>\n<\/li>\n\t\t\t\n\t\t\t\n\t\t\t\t\t\t\t\t\t\t\t\t\t\t\t\t\t\t\t\t\t\t\t\t\t\t\t\t\t\t\t\t\t\t\t\t\t\t\t\t\t\t\t\t\t\t\t\t\t\t\t\t\t\t\t\t\t\t\t\t\t\t\t\t\t\t\t\t<\/ul>\n\t<\/div>\n\t<div class=\"fusion-post-content-wrapper\" style=\"padding:30px 25px 25px 25px;\"><div class=\"fusion-post-content post-content\"><h2 class=\"blog-shortcode-post-title entry-title\"><a href=\"https:\/\/centreauditifabitibi.com\/en\/la-sante-auditive-selon-les-genres\/\">La sant\u00e9 auditive selon les genres<\/a><\/h2><div class=\"fusion-post-content-container\"><p>En ce mois o\u00f9 l\u2019on souligne \u00e0 la fois la Journ\u00e9e mondiale de l\u2019audition (OMS) et la Journ\u00e9e internationale des [...]<\/p><\/div><\/div><\/div><div class=\"fusion-clearfix\"><\/div><\/div>\n<\/article>\n<article id=\"blog-1-post-1728\" class=\"fusion-post-grid post-1728 post type-post status-publish format-standard has-post-thumbnail hentry category-article\">\n<div class=\"fusion-post-wrapper\" style=\"background-color:rgba(255,255,255,0);border:1px solid rgba(0,115,162,0.06);border-bottom-width:3px;\">\n\n\t\t\t<div class=\"fusion-flexslider flexslider fusion-flexslider-loading fusion-post-slideshow\" style=\"border-color:rgba(0,115,162,0.06);\">\n\t\t<ul class=\"slides\">\n\t\t\t\n\t\t\t\t\t\t\t\t\t\t\t\t\t\t<li><div  class=\"fusion-image-wrapper\" aria-haspopup=\"true\">\n\t\t\t\t<img decoding=\"async\" width=\"683\" height=\"689\" src=\"https:\/\/centreauditifabitibi.com\/wp-content\/uploads\/2024\/02\/image-blogue-1.jpg\" class=\"attachment-full size-full wp-post-image\" alt=\"\" srcset=\"https:\/\/centreauditifabitibi.com\/wp-content\/uploads\/2024\/02\/image-blogue-1-200x202.jpg 200w, https:\/\/centreauditifabitibi.com\/wp-content\/uploads\/2024\/02\/image-blogue-1-400x404.jpg 400w, https:\/\/centreauditifabitibi.com\/wp-content\/uploads\/2024\/02\/image-blogue-1-600x605.jpg 600w, https:\/\/centreauditifabitibi.com\/wp-content\/uploads\/2024\/02\/image-blogue-1.jpg 683w\" sizes=\"(min-width: 2200px) 100vw, (min-width: 784px) 366px, (min-width: 712px) 549px, (min-width: 640px) 712px, \" \/><div class=\"fusion-rollover\">\n\t<div class=\"fusion-rollover-content\">\n\n\t\t\t\t\n\t\t\n\t\t\t\t\t\t\t\t\t\t\t\t<h4 class=\"fusion-rollover-title\">\n\t\t\t\t\t<a class=\"fusion-rollover-title-link\" href=\"https:\/\/centreauditifabitibi.com\/en\/demystifions-les-implants-a-ancrage-osseux\/\">\n\t\t\t\t\t\tD\u00e9mystifions les implants \u00e0 ancrage osseux\t\t\t\t\t<\/a>\n\t\t\t\t<\/h4>\n\t\t\t\n\t\t\t\t\t\t\t\t\n\t\t\n\t\t\t\t\t\t<a class=\"fusion-link-wrapper\" href=\"https:\/\/centreauditifabitibi.com\/en\/demystifions-les-implants-a-ancrage-osseux\/\" aria-label=\"D\u00e9mystifions les implants \u00e0 ancrage osseux\"><\/a>\n\t<\/div>\n<\/div>\n<\/div>\n<\/li>\n\t\t\t\n\t\t\t\n\t\t\t\t\t\t\t\t\t\t\t\t\t\t\t\t\t\t\t\t\t\t\t\t\t\t\t\t\t\t\t\t\t\t\t\t\t\t\t\t\t\t\t\t\t\t\t\t\t\t\t\t\t\t\t\t\t\t\t\t\t\t\t\t\t\t\t\t<\/ul>\n\t<\/div>\n\t<div class=\"fusion-post-content-wrapper\" style=\"padding:30px 25px 25px 25px;\"><div class=\"fusion-post-content post-content\"><h2 class=\"blog-shortcode-post-title entry-title\"><a href=\"https:\/\/centreauditifabitibi.com\/en\/demystifions-les-implants-a-ancrage-osseux\/\">D\u00e9mystifions les implants \u00e0 ancrage osseux<\/a><\/h2><div class=\"fusion-post-content-container\"><p>Plusieurs personnes nous demandent s\u2019il existe des implants qui peuvent remplacer les appareils auditifs plus conventionnels. La r\u00e9ponse est oui, [...]<\/p><\/div><\/div><\/div><div class=\"fusion-clearfix\"><\/div><\/div>\n<\/article>\n<article id=\"blog-1-post-1719\" class=\"fusion-post-grid post-1719 post type-post status-publish format-standard has-post-thumbnail hentry category-article category-prevention\">\n<div class=\"fusion-post-wrapper\" style=\"background-color:rgba(255,255,255,0);border:1px solid rgba(0,115,162,0.06);border-bottom-width:3px;\">\n\n\t\t\t<div class=\"fusion-flexslider flexslider fusion-flexslider-loading fusion-post-slideshow\" style=\"border-color:rgba(0,115,162,0.06);\">\n\t\t<ul class=\"slides\">\n\t\t\t\n\t\t\t\t\t\t\t\t\t\t\t\t\t\t<li><div  class=\"fusion-image-wrapper\" aria-haspopup=\"true\">\n\t\t\t\t<img decoding=\"async\" width=\"1047\" height=\"1047\" src=\"https:\/\/centreauditifabitibi.com\/wp-content\/uploads\/2023\/11\/img11-e1701269377604.jpg\" class=\"attachment-full size-full wp-post-image\" alt=\"D\u00e9clin cognitif et perte auditive - r\u00e9\u00e9ducation\" srcset=\"https:\/\/centreauditifabitibi.com\/wp-content\/uploads\/2023\/11\/img11-e1701269377604-200x200.jpg 200w, https:\/\/centreauditifabitibi.com\/wp-content\/uploads\/2023\/11\/img11-e1701269377604-400x400.jpg 400w, https:\/\/centreauditifabitibi.com\/wp-content\/uploads\/2023\/11\/img11-e1701269377604-600x600.jpg 600w, https:\/\/centreauditifabitibi.com\/wp-content\/uploads\/2023\/11\/img11-e1701269377604-800x800.jpg 800w, https:\/\/centreauditifabitibi.com\/wp-content\/uploads\/2023\/11\/img11-e1701269377604.jpg 1047w\" sizes=\"(min-width: 2200px) 100vw, (min-width: 784px) 366px, (min-width: 712px) 549px, (min-width: 640px) 712px, \" \/><div class=\"fusion-rollover\">\n\t<div class=\"fusion-rollover-content\">\n\n\t\t\t\t\n\t\t\n\t\t\t\t\t\t\t\t\t\t\t\t<h4 class=\"fusion-rollover-title\">\n\t\t\t\t\t<a class=\"fusion-rollover-title-link\" href=\"https:\/\/centreauditifabitibi.com\/en\/reeducation-du-systeme-auditif\/\">\n\t\t\t\t\t\tR\u00e9\u00e9ducation du syst\u00e8me auditif et plasticit\u00e9 c\u00e9r\u00e9brale\t\t\t\t\t<\/a>\n\t\t\t\t<\/h4>\n\t\t\t\n\t\t\t\t\t\t\t\t\n\t\t\n\t\t\t\t\t\t<a class=\"fusion-link-wrapper\" href=\"https:\/\/centreauditifabitibi.com\/en\/reeducation-du-systeme-auditif\/\" aria-label=\"R\u00e9\u00e9ducation du syst\u00e8me auditif et plasticit\u00e9 c\u00e9r\u00e9brale\"><\/a>\n\t<\/div>\n<\/div>\n<\/div>\n<\/li>\n\t\t\t\n\t\t\t\n\t\t\t\t\t\t\t\t\t\t\t\t\t\t\t\t\t\t\t\t\t\t\t\t\t\t\t\t\t\t\t\t\t\t\t\t\t\t\t\t\t\t\t\t\t\t\t\t\t\t\t\t\t\t\t\t\t\t\t\t\t\t\t\t\t\t\t\t<\/ul>\n\t<\/div>\n\t<div class=\"fusion-post-content-wrapper\" style=\"padding:30px 25px 25px 25px;\"><div class=\"fusion-post-content post-content\"><h2 class=\"blog-shortcode-post-title entry-title\"><a href=\"https:\/\/centreauditifabitibi.com\/en\/reeducation-du-systeme-auditif\/\">R\u00e9\u00e9ducation du syst\u00e8me auditif et plasticit\u00e9 c\u00e9r\u00e9brale<\/a><\/h2><div class=\"fusion-post-content-container\"><p>Lorsqu\u2019on pense \u00e0 l\u2019audition, on pense syst\u00e9matiquement \u00e0 nos oreilles. Mais saviez-vous qu\u2019en r\u00e9alit\u00e9 les oreilles sont comme un instrument [...]<\/p><\/div><\/div><\/div><div class=\"fusion-clearfix\"><\/div><\/div>\n<\/article>\n<article id=\"blog-1-post-1701\" class=\"fusion-post-grid post-1701 post type-post status-publish format-standard has-post-thumbnail hentry category-article category-prevention\">\n<div class=\"fusion-post-wrapper\" style=\"background-color:rgba(255,255,255,0);border:1px solid rgba(0,115,162,0.06);border-bottom-width:3px;\">\n\n\t\t\t<div class=\"fusion-flexslider flexslider fusion-flexslider-loading fusion-post-slideshow\" style=\"border-color:rgba(0,115,162,0.06);\">\n\t\t<ul class=\"slides\">\n\t\t\t\n\t\t\t\t\t\t\t\t\t\t\t\t\t\t<li><div  class=\"fusion-image-wrapper\" aria-haspopup=\"true\">\n\t\t\t\t<img decoding=\"async\" width=\"1047\" height=\"1047\" src=\"https:\/\/centreauditifabitibi.com\/wp-content\/uploads\/2023\/11\/img11-e1701269377604.jpg\" class=\"attachment-full size-full wp-post-image\" alt=\"D\u00e9clin cognitif et perte auditive - r\u00e9\u00e9ducation\" srcset=\"https:\/\/centreauditifabitibi.com\/wp-content\/uploads\/2023\/11\/img11-e1701269377604-200x200.jpg 200w, https:\/\/centreauditifabitibi.com\/wp-content\/uploads\/2023\/11\/img11-e1701269377604-400x400.jpg 400w, https:\/\/centreauditifabitibi.com\/wp-content\/uploads\/2023\/11\/img11-e1701269377604-600x600.jpg 600w, https:\/\/centreauditifabitibi.com\/wp-content\/uploads\/2023\/11\/img11-e1701269377604-800x800.jpg 800w, https:\/\/centreauditifabitibi.com\/wp-content\/uploads\/2023\/11\/img11-e1701269377604.jpg 1047w\" sizes=\"(min-width: 2200px) 100vw, (min-width: 784px) 366px, (min-width: 712px) 549px, (min-width: 640px) 712px, \" \/><div class=\"fusion-rollover\">\n\t<div class=\"fusion-rollover-content\">\n\n\t\t\t\t\n\t\t\n\t\t\t\t\t\t\t\t\t\t\t\t<h4 class=\"fusion-rollover-title\">\n\t\t\t\t\t<a class=\"fusion-rollover-title-link\" href=\"https:\/\/centreauditifabitibi.com\/en\/le-lien-entre-perte-daudition-et-risque-de-demence\/\">\n\t\t\t\t\t\tLe lien entre perte d\u2019audition et risque de d\u00e9mence\t\t\t\t\t<\/a>\n\t\t\t\t<\/h4>\n\t\t\t\n\t\t\t\t\t\t\t\t\n\t\t\n\t\t\t\t\t\t<a class=\"fusion-link-wrapper\" href=\"https:\/\/centreauditifabitibi.com\/en\/le-lien-entre-perte-daudition-et-risque-de-demence\/\" aria-label=\"Le lien entre perte d\u2019audition et risque de d\u00e9mence\"><\/a>\n\t<\/div>\n<\/div>\n<\/div>\n<\/li>\n\t\t\t\n\t\t\t\n\t\t\t\t\t\t\t\t\t\t\t\t\t\t\t\t\t\t\t\t\t\t\t\t\t\t\t\t\t\t\t\t\t\t\t\t\t\t\t\t\t\t\t\t\t\t\t\t\t\t\t\t\t\t\t\t\t\t\t\t\t\t\t\t\t\t\t\t<\/ul>\n\t<\/div>\n\t<div class=\"fusion-post-content-wrapper\" style=\"padding:30px 25px 25px 25px;\"><div class=\"fusion-post-content post-content\"><h2 class=\"blog-shortcode-post-title entry-title\"><a href=\"https:\/\/centreauditifabitibi.com\/en\/le-lien-entre-perte-daudition-et-risque-de-demence\/\">Le lien entre perte d\u2019audition et risque de d\u00e9mence<\/a><\/h2><div class=\"fusion-post-content-container\"><p>Quel est le lien entre perte d'audition et risque de d\u00e9mence? Comment pr\u00e9venir le d\u00e9clin cognitif chez la personne malentendante? [...]<\/p><\/div><\/div><\/div><div class=\"fusion-clearfix\"><\/div><\/div>\n<\/article>\n<article id=\"blog-1-post-1464\" class=\"fusion-post-grid post-1464 post type-post status-publish format-standard has-post-thumbnail hentry category-article\">\n<div class=\"fusion-post-wrapper\" style=\"background-color:rgba(255,255,255,0);border:1px solid rgba(0,115,162,0.06);border-bottom-width:3px;\">\n\n\t\t\t<div class=\"fusion-flexslider flexslider fusion-flexslider-loading fusion-post-slideshow\" style=\"border-color:rgba(0,115,162,0.06);\">\n\t\t<ul class=\"slides\">\n\t\t\t\n\t\t\t\t\t\t\t\t\t\t\t\t\t\t<li><div  class=\"fusion-image-wrapper\" aria-haspopup=\"true\">\n\t\t\t\t<img decoding=\"async\" width=\"1080\" height=\"1080\" src=\"https:\/\/centreauditifabitibi.com\/wp-content\/uploads\/2023\/10\/transcription.png\" class=\"attachment-full size-full wp-post-image\" alt=\"\" srcset=\"https:\/\/centreauditifabitibi.com\/wp-content\/uploads\/2023\/10\/transcription-200x200.png 200w, https:\/\/centreauditifabitibi.com\/wp-content\/uploads\/2023\/10\/transcription.png 1080w\" sizes=\"(min-width: 2200px) 100vw, (min-width: 784px) 366px, (min-width: 712px) 549px, (min-width: 640px) 712px, \" \/><div class=\"fusion-rollover\">\n\t<div class=\"fusion-rollover-content\">\n\n\t\t\t\t\n\t\t\n\t\t\t\t\t\t\t\t\t\t\t\t<h4 class=\"fusion-rollover-title\">\n\t\t\t\t\t<a class=\"fusion-rollover-title-link\" href=\"https:\/\/centreauditifabitibi.com\/en\/jai-teste-pour-vous-des-applications-de-transcription\/\">\n\t\t\t\t\t\tJ&#8217;ai test\u00e9 pour vous des applications de transcription\t\t\t\t\t<\/a>\n\t\t\t\t<\/h4>\n\t\t\t\n\t\t\t\t\t\t\t\t\n\t\t\n\t\t\t\t\t\t<a class=\"fusion-link-wrapper\" href=\"https:\/\/centreauditifabitibi.com\/en\/jai-teste-pour-vous-des-applications-de-transcription\/\" aria-label=\"J&#8217;ai test\u00e9 pour vous des applications de transcription\"><\/a>\n\t<\/div>\n<\/div>\n<\/div>\n<\/li>\n\t\t\t\n\t\t\t\n\t\t\t\t\t\t\t\t\t\t\t\t\t\t\t\t\t\t\t\t\t\t\t\t\t\t\t\t\t\t\t\t\t\t\t\t\t\t\t\t\t\t\t\t\t\t\t\t\t\t\t\t\t\t\t\t\t\t\t\t\t\t\t\t\t\t\t\t<\/ul>\n\t<\/div>\n\t<div class=\"fusion-post-content-wrapper\" style=\"padding:30px 25px 25px 25px;\"><div class=\"fusion-post-content post-content\"><h2 class=\"blog-shortcode-post-title entry-title\"><a href=\"https:\/\/centreauditifabitibi.com\/en\/jai-teste-pour-vous-des-applications-de-transcription\/\">J&#8217;ai test\u00e9 pour vous des applications de transcription<\/a><\/h2><div class=\"fusion-post-content-container\"><p>Lorsqu\u2019on a une perte d\u2019audition et que notre travail consiste \u00e0 communiquer avec une client\u00e8le en personne, par t\u00e9l\u00e9phone, ou [...]<\/p><\/div><\/div><\/div><div class=\"fusion-clearfix\"><\/div><\/div>\n<\/article>\n<article id=\"blog-1-post-1437\" class=\"fusion-post-grid post-1437 post type-post status-publish format-standard has-post-thumbnail hentry category-article\">\n<div class=\"fusion-post-wrapper\" style=\"background-color:rgba(255,255,255,0);border:1px solid rgba(0,115,162,0.06);border-bottom-width:3px;\">\n\n\t\t\t<div class=\"fusion-flexslider flexslider fusion-flexslider-loading fusion-post-slideshow\" style=\"border-color:rgba(0,115,162,0.06);\">\n\t\t<ul class=\"slides\">\n\t\t\t\n\t\t\t\t\t\t\t\t\t\t\t\t\t\t<li><div  class=\"fusion-image-wrapper\" aria-haspopup=\"true\">\n\t\t\t\t<img decoding=\"async\" width=\"500\" height=\"500\" src=\"https:\/\/centreauditifabitibi.com\/wp-content\/uploads\/2022\/01\/Intra-Pro-nettoyant-75ml-1.jpg\" class=\"attachment-full size-full wp-post-image\" alt=\"\" srcset=\"https:\/\/centreauditifabitibi.com\/wp-content\/uploads\/2022\/01\/Intra-Pro-nettoyant-75ml-1-200x200.jpg 200w, https:\/\/centreauditifabitibi.com\/wp-content\/uploads\/2022\/01\/Intra-Pro-nettoyant-75ml-1-400x400.jpg 400w, https:\/\/centreauditifabitibi.com\/wp-content\/uploads\/2022\/01\/Intra-Pro-nettoyant-75ml-1.jpg 500w\" sizes=\"(min-width: 2200px) 100vw, (min-width: 784px) 366px, (min-width: 712px) 549px, (min-width: 640px) 712px, \" \/><div class=\"fusion-rollover\">\n\t<div class=\"fusion-rollover-content\">\n\n\t\t\t\t\n\t\t\n\t\t\t\t\t\t\t\t\t\t\t\t<h4 class=\"fusion-rollover-title\">\n\t\t\t\t\t<a class=\"fusion-rollover-title-link\" href=\"https:\/\/centreauditifabitibi.com\/en\/entretien-appareils-auditifs\/\">\n\t\t\t\t\t\tTrucs et conseils pour l&#8217;entretien des appareils auditifs\t\t\t\t\t<\/a>\n\t\t\t\t<\/h4>\n\t\t\t\n\t\t\t\t\t\t\t\t\n\t\t\n\t\t\t\t\t\t<a class=\"fusion-link-wrapper\" href=\"https:\/\/centreauditifabitibi.com\/en\/entretien-appareils-auditifs\/\" aria-label=\"Trucs et conseils pour l&#8217;entretien des appareils auditifs\"><\/a>\n\t<\/div>\n<\/div>\n<\/div>\n<\/li>\n\t\t\t\n\t\t\t\n\t\t\t\t\t\t\t\t\t\t\t\t\t\t\t\t\t\t\t\t\t\t\t\t\t\t\t\t\t\t\t\t\t\t\t\t\t\t\t\t\t\t\t\t\t\t\t\t\t\t\t\t\t\t\t\t\t\t\t\t\t\t\t\t\t\t\t\t<\/ul>\n\t<\/div>\n\t<div class=\"fusion-post-content-wrapper\" style=\"padding:30px 25px 25px 25px;\"><div class=\"fusion-post-content post-content\"><h2 class=\"blog-shortcode-post-title entry-title\"><a href=\"https:\/\/centreauditifabitibi.com\/en\/entretien-appareils-auditifs\/\">Trucs et conseils pour l&#8217;entretien des appareils auditifs<\/a><\/h2><div class=\"fusion-post-content-container\"><p>Afin de conserver ses appareils auditifs en bon \u00e9tat le plus longtemps possible, un entretien ad\u00e9quat est de mise. Voici [...]<\/p><\/div><\/div><\/div><div class=\"fusion-clearfix\"><\/div><\/div>\n<\/article>\n<article id=\"blog-1-post-1412\" class=\"fusion-post-grid post-1412 post type-post status-publish format-standard has-post-thumbnail hentry category-article\">\n<div class=\"fusion-post-wrapper\" style=\"background-color:rgba(255,255,255,0);border:1px solid rgba(0,115,162,0.06);border-bottom-width:3px;\">\n\n\t\t\t<div class=\"fusion-flexslider flexslider fusion-flexslider-loading fusion-post-slideshow\" style=\"border-color:rgba(0,115,162,0.06);\">\n\t\t<ul class=\"slides\">\n\t\t\t\n\t\t\t\t\t\t\t\t\t\t\t\t\t\t<li><div  class=\"fusion-image-wrapper\" aria-haspopup=\"true\">\n\t\t\t\t<img decoding=\"async\" width=\"1451\" height=\"1451\" src=\"https:\/\/centreauditifabitibi.com\/wp-content\/uploads\/2023\/08\/personne-malentendante-e1693422337540.png\" class=\"attachment-full size-full wp-post-image\" alt=\"\" srcset=\"https:\/\/centreauditifabitibi.com\/wp-content\/uploads\/2023\/08\/personne-malentendante-e1693422337540-200x200.png 200w, https:\/\/centreauditifabitibi.com\/wp-content\/uploads\/2023\/08\/personne-malentendante-e1693422337540.png 1451w\" sizes=\"(min-width: 2200px) 100vw, (min-width: 784px) 366px, (min-width: 712px) 549px, (min-width: 640px) 712px, \" \/><div class=\"fusion-rollover\">\n\t<div class=\"fusion-rollover-content\">\n\n\t\t\t\t\n\t\t\n\t\t\t\t\t\t\t\t\t\t\t\t<h4 class=\"fusion-rollover-title\">\n\t\t\t\t\t<a class=\"fusion-rollover-title-link\" href=\"https:\/\/centreauditifabitibi.com\/en\/10-facons-daider-une-personne-malentendante\/\">\n\t\t\t\t\t\t10 fa\u00e7ons d&#8217;aider une personne malentendante\t\t\t\t\t<\/a>\n\t\t\t\t<\/h4>\n\t\t\t\n\t\t\t\t\t\t\t\t\n\t\t\n\t\t\t\t\t\t<a class=\"fusion-link-wrapper\" href=\"https:\/\/centreauditifabitibi.com\/en\/10-facons-daider-une-personne-malentendante\/\" aria-label=\"10 fa\u00e7ons d&#8217;aider une personne malentendante\"><\/a>\n\t<\/div>\n<\/div>\n<\/div>\n<\/li>\n\t\t\t\n\t\t\t\n\t\t\t\t\t\t\t\t\t\t\t\t\t\t\t\t\t\t\t\t\t\t\t\t\t\t\t\t\t\t\t\t\t\t\t\t\t\t\t\t\t\t\t\t\t\t\t\t\t\t\t\t\t\t\t\t\t\t\t\t\t\t\t\t\t\t\t\t<\/ul>\n\t<\/div>\n\t<div class=\"fusion-post-content-wrapper\" style=\"padding:30px 25px 25px 25px;\"><div class=\"fusion-post-content post-content\"><h2 class=\"blog-shortcode-post-title entry-title\"><a href=\"https:\/\/centreauditifabitibi.com\/en\/10-facons-daider-une-personne-malentendante\/\">10 fa\u00e7ons d&#8217;aider une personne malentendante<\/a><\/h2><div class=\"fusion-post-content-container\"><p>La surdit\u00e9 peut \u00eatre difficile \u00e0 comprendre pour une personne qui a une bonne audition. Il arrive que ce ne [...]<\/p><\/div><\/div><\/div><div class=\"fusion-clearfix\"><\/div><\/div>\n<\/article>\n<article id=\"blog-1-post-1397\" class=\"fusion-post-grid post-1397 post type-post status-publish format-standard has-post-thumbnail hentry category-article\">\n<div class=\"fusion-post-wrapper\" style=\"background-color:rgba(255,255,255,0);border:1px solid rgba(0,115,162,0.06);border-bottom-width:3px;\">\n\n\t\t\t<div class=\"fusion-flexslider flexslider fusion-flexslider-loading fusion-post-slideshow\" style=\"border-color:rgba(0,115,162,0.06);\">\n\t\t<ul class=\"slides\">\n\t\t\t\n\t\t\t\t\t\t\t\t\t\t\t\t\t\t<li><div  class=\"fusion-image-wrapper\" aria-haspopup=\"true\">\n\t\t\t\t<img decoding=\"async\" width=\"711\" height=\"711\" src=\"https:\/\/centreauditifabitibi.com\/wp-content\/uploads\/2023\/07\/festival-musique-audition-e1695146729784.png\" class=\"attachment-full size-full wp-post-image\" alt=\"\" srcset=\"https:\/\/centreauditifabitibi.com\/wp-content\/uploads\/2023\/07\/festival-musique-audition-e1695146729784-200x200.png 200w, https:\/\/centreauditifabitibi.com\/wp-content\/uploads\/2023\/07\/festival-musique-audition-e1695146729784.png 711w\" sizes=\"(min-width: 2200px) 100vw, (min-width: 784px) 366px, (min-width: 712px) 549px, (min-width: 640px) 712px, \" \/><div class=\"fusion-rollover\">\n\t<div class=\"fusion-rollover-content\">\n\n\t\t\t\t\n\t\t\n\t\t\t\t\t\t\t\t\t\t\t\t<h4 class=\"fusion-rollover-title\">\n\t\t\t\t\t<a class=\"fusion-rollover-title-link\" href=\"https:\/\/centreauditifabitibi.com\/en\/compression-sonore-et-audition\/\">\n\t\t\t\t\t\tImpact de la musique compress\u00e9e sur l&#8217;ou\u00efe\t\t\t\t\t<\/a>\n\t\t\t\t<\/h4>\n\t\t\t\n\t\t\t\t\t\t\t\t\n\t\t\n\t\t\t\t\t\t<a class=\"fusion-link-wrapper\" href=\"https:\/\/centreauditifabitibi.com\/en\/compression-sonore-et-audition\/\" aria-label=\"Impact de la musique compress\u00e9e sur l&#8217;ou\u00efe\"><\/a>\n\t<\/div>\n<\/div>\n<\/div>\n<\/li>\n\t\t\t\n\t\t\t\n\t\t\t\t\t\t\t\t\t\t\t\t\t\t\t\t\t\t\t\t\t\t\t\t\t\t\t\t\t\t\t\t\t\t\t\t\t\t\t\t\t\t\t\t\t\t\t\t\t\t\t\t\t\t\t\t\t\t\t\t\t\t\t\t\t\t\t\t<\/ul>\n\t<\/div>\n\t<div class=\"fusion-post-content-wrapper\" style=\"padding:30px 25px 25px 25px;\"><div class=\"fusion-post-content post-content\"><h2 class=\"blog-shortcode-post-title entry-title\"><a href=\"https:\/\/centreauditifabitibi.com\/en\/compression-sonore-et-audition\/\">Impact de la musique compress\u00e9e sur l&#8217;ou\u00efe<\/a><\/h2><div class=\"fusion-post-content-container\"><p>On le dit et redit sans cesse\u00a0: la musique forte, comme les sons forts en g\u00e9n\u00e9ral, peut affecter l\u2019audition de [...]<\/p><\/div><\/div><\/div><div class=\"fusion-clearfix\"><\/div><\/div>\n<\/article>\n<article id=\"blog-1-post-1376\" class=\"fusion-post-grid post-1376 post type-post status-publish format-standard has-post-thumbnail hentry category-article category-non-classifiee\">\n<div class=\"fusion-post-wrapper\" style=\"background-color:rgba(255,255,255,0);border:1px solid rgba(0,115,162,0.06);border-bottom-width:3px;\">\n\n\t\t\t<div class=\"fusion-flexslider flexslider fusion-flexslider-loading fusion-post-slideshow\" style=\"border-color:rgba(0,115,162,0.06);\">\n\t\t<ul class=\"slides\">\n\t\t\t\n\t\t\t\t\t\t\t\t\t\t\t\t\t\t<li><div  class=\"fusion-image-wrapper\" aria-haspopup=\"true\">\n\t\t\t\t<img decoding=\"async\" width=\"600\" height=\"547\" src=\"https:\/\/centreauditifabitibi.com\/wp-content\/uploads\/2023\/06\/Packshot_Phonak_Audeo_P-13T_SReceiver_without_logo_050-0770-P1-2-e1687285390447.png\" class=\"attachment-full size-full wp-post-image\" alt=\"\" srcset=\"https:\/\/centreauditifabitibi.com\/wp-content\/uploads\/2023\/06\/Packshot_Phonak_Audeo_P-13T_SReceiver_without_logo_050-0770-P1-2-e1687285390447-200x182.png 200w, https:\/\/centreauditifabitibi.com\/wp-content\/uploads\/2023\/06\/Packshot_Phonak_Audeo_P-13T_SReceiver_without_logo_050-0770-P1-2-e1687285390447-400x365.png 400w, https:\/\/centreauditifabitibi.com\/wp-content\/uploads\/2023\/06\/Packshot_Phonak_Audeo_P-13T_SReceiver_without_logo_050-0770-P1-2-e1687285390447.png 600w\" sizes=\"(min-width: 2200px) 100vw, (min-width: 784px) 366px, (min-width: 712px) 549px, (min-width: 640px) 712px, \" \/><div class=\"fusion-rollover\">\n\t<div class=\"fusion-rollover-content\">\n\n\t\t\t\t\n\t\t\n\t\t\t\t\t\t\t\t\t\t\t\t<h4 class=\"fusion-rollover-title\">\n\t\t\t\t\t<a class=\"fusion-rollover-title-link\" href=\"https:\/\/centreauditifabitibi.com\/en\/performance-des-appareils-auditifs\/\">\n\t\t\t\t\t\tNiveau de performance des proth\u00e8ses auditives\t\t\t\t\t<\/a>\n\t\t\t\t<\/h4>\n\t\t\t\n\t\t\t\t\t\t\t\t\n\t\t\n\t\t\t\t\t\t<a class=\"fusion-link-wrapper\" href=\"https:\/\/centreauditifabitibi.com\/en\/performance-des-appareils-auditifs\/\" aria-label=\"Niveau de performance des proth\u00e8ses auditives\"><\/a>\n\t<\/div>\n<\/div>\n<\/div>\n<\/li>\n\t\t\t\n\t\t\t\n\t\t\t\t\t\t\t\t\t\t\t\t\t\t\t\t\t\t\t\t\t\t\t\t\t\t\t\t\t\t\t\t\t\t\t\t\t\t\t\t\t\t\t\t\t\t\t\t\t\t\t\t\t\t\t\t\t\t\t\t\t\t\t\t\t\t\t\t<\/ul>\n\t<\/div>\n\t<div class=\"fusion-post-content-wrapper\" style=\"padding:30px 25px 25px 25px;\"><div class=\"fusion-post-content post-content\"><h2 class=\"blog-shortcode-post-title entry-title\"><a href=\"https:\/\/centreauditifabitibi.com\/en\/performance-des-appareils-auditifs\/\">Niveau de performance des proth\u00e8ses auditives<\/a><\/h2><div class=\"fusion-post-content-container\"><p>En mati\u00e8re d\u2019appareils auditifs, il existe diff\u00e9rents niveaux de performance, de l\u2019essentiel au niveau premium. Plus le niveau de technologie [...]<\/p><\/div><\/div><\/div><div class=\"fusion-clearfix\"><\/div><\/div>\n<\/article>\n<article id=\"blog-1-post-1355\" class=\"fusion-post-grid post-1355 post type-post status-publish format-standard has-post-thumbnail hentry category-article\">\n<div class=\"fusion-post-wrapper\" style=\"background-color:rgba(255,255,255,0);border:1px solid rgba(0,115,162,0.06);border-bottom-width:3px;\">\n\n\t\t\t<div class=\"fusion-flexslider flexslider fusion-flexslider-loading fusion-post-slideshow\" style=\"border-color:rgba(0,115,162,0.06);\">\n\t\t<ul class=\"slides\">\n\t\t\t\n\t\t\t\t\t\t\t\t\t\t\t\t\t\t<li><div  class=\"fusion-image-wrapper\" aria-haspopup=\"true\">\n\t\t\t\t<img decoding=\"async\" width=\"1236\" height=\"1143\" src=\"https:\/\/centreauditifabitibi.com\/wp-content\/uploads\/2023\/04\/perte-audition-carre-1.png\" class=\"attachment-full size-full wp-post-image\" alt=\"perte subite audition\" srcset=\"https:\/\/centreauditifabitibi.com\/wp-content\/uploads\/2023\/04\/perte-audition-carre-1-200x185.png 200w, https:\/\/centreauditifabitibi.com\/wp-content\/uploads\/2023\/04\/perte-audition-carre-1-400x370.png 400w, https:\/\/centreauditifabitibi.com\/wp-content\/uploads\/2023\/04\/perte-audition-carre-1-600x555.png 600w, https:\/\/centreauditifabitibi.com\/wp-content\/uploads\/2023\/04\/perte-audition-carre-1-800x740.png 800w, https:\/\/centreauditifabitibi.com\/wp-content\/uploads\/2023\/04\/perte-audition-carre-1-1200x1110.png 1200w, https:\/\/centreauditifabitibi.com\/wp-content\/uploads\/2023\/04\/perte-audition-carre-1.png 1236w\" sizes=\"(min-width: 2200px) 100vw, (min-width: 784px) 366px, (min-width: 712px) 549px, (min-width: 640px) 712px, \" \/><div class=\"fusion-rollover\">\n\t<div class=\"fusion-rollover-content\">\n\n\t\t\t\t\n\t\t\n\t\t\t\t\t\t\t\t\t\t\t\t<h4 class=\"fusion-rollover-title\">\n\t\t\t\t\t<a class=\"fusion-rollover-title-link\" href=\"https:\/\/centreauditifabitibi.com\/en\/acouphene\/\">\n\t\t\t\t\t\tQu\u2019est-ce qu\u2019un acouph\u00e8ne\u2009?\t\t\t\t\t<\/a>\n\t\t\t\t<\/h4>\n\t\t\t\n\t\t\t\t\t\t\t\t\n\t\t\n\t\t\t\t\t\t<a class=\"fusion-link-wrapper\" href=\"https:\/\/centreauditifabitibi.com\/en\/acouphene\/\" aria-label=\"Qu\u2019est-ce qu\u2019un acouph\u00e8ne\u2009?\"><\/a>\n\t<\/div>\n<\/div>\n<\/div>\n<\/li>\n\t\t\t\n\t\t\t\n\t\t\t\t\t\t\t\t\t\t\t\t\t\t\t\t\t\t\t\t\t\t\t\t\t\t\t\t\t\t\t\t\t\t\t\t\t\t\t\t\t\t\t\t\t\t\t\t\t\t\t\t\t\t\t\t\t\t\t\t\t\t\t\t\t\t\t\t<\/ul>\n\t<\/div>\n\t<div class=\"fusion-post-content-wrapper\" style=\"padding:30px 25px 25px 25px;\"><div class=\"fusion-post-content post-content\"><h2 class=\"blog-shortcode-post-title entry-title\"><a href=\"https:\/\/centreauditifabitibi.com\/en\/acouphene\/\">Qu\u2019est-ce qu\u2019un acouph\u00e8ne\u2009?<\/a><\/h2><div class=\"fusion-post-content-container\"><p>L\u2019acouph\u00e8ne peut se traduire par une sensation sonore per\u00e7ue, mais qui ne provient pas d\u2019une source ext\u00e9rieure et que l\u2019entourage [...]<\/p><\/div><\/div><\/div><div class=\"fusion-clearfix\"><\/div><\/div>\n<\/article>\n<article id=\"blog-1-post-1326\" class=\"fusion-post-grid post-1326 post type-post status-publish format-standard has-post-thumbnail hentry category-article\">\n<div class=\"fusion-post-wrapper\" style=\"background-color:rgba(255,255,255,0);border:1px solid rgba(0,115,162,0.06);border-bottom-width:3px;\">\n\n\t\t\t<div class=\"fusion-flexslider flexslider fusion-flexslider-loading fusion-post-slideshow\" style=\"border-color:rgba(0,115,162,0.06);\">\n\t\t<ul class=\"slides\">\n\t\t\t\n\t\t\t\t\t\t\t\t\t\t\t\t\t\t<li><div  class=\"fusion-image-wrapper\" aria-haspopup=\"true\">\n\t\t\t\t<img decoding=\"async\" width=\"1236\" height=\"1143\" src=\"https:\/\/centreauditifabitibi.com\/wp-content\/uploads\/2023\/04\/perte-audition-carre-1.png\" class=\"attachment-full size-full wp-post-image\" alt=\"perte subite audition\" srcset=\"https:\/\/centreauditifabitibi.com\/wp-content\/uploads\/2023\/04\/perte-audition-carre-1-200x185.png 200w, https:\/\/centreauditifabitibi.com\/wp-content\/uploads\/2023\/04\/perte-audition-carre-1-400x370.png 400w, https:\/\/centreauditifabitibi.com\/wp-content\/uploads\/2023\/04\/perte-audition-carre-1-600x555.png 600w, https:\/\/centreauditifabitibi.com\/wp-content\/uploads\/2023\/04\/perte-audition-carre-1-800x740.png 800w, https:\/\/centreauditifabitibi.com\/wp-content\/uploads\/2023\/04\/perte-audition-carre-1-1200x1110.png 1200w, https:\/\/centreauditifabitibi.com\/wp-content\/uploads\/2023\/04\/perte-audition-carre-1.png 1236w\" sizes=\"(min-width: 2200px) 100vw, (min-width: 784px) 366px, (min-width: 712px) 549px, (min-width: 640px) 712px, \" \/><div class=\"fusion-rollover\">\n\t<div class=\"fusion-rollover-content\">\n\n\t\t\t\t\n\t\t\n\t\t\t\t\t\t\t\t\t\t\t\t<h4 class=\"fusion-rollover-title\">\n\t\t\t\t\t<a class=\"fusion-rollover-title-link\" href=\"https:\/\/centreauditifabitibi.com\/en\/la-perte-daudition-subite\/\">\n\t\t\t\t\t\tLa perte d\u2019audition subite\t\t\t\t\t<\/a>\n\t\t\t\t<\/h4>\n\t\t\t\n\t\t\t\t\t\t\t\t\n\t\t\n\t\t\t\t\t\t<a class=\"fusion-link-wrapper\" href=\"https:\/\/centreauditifabitibi.com\/en\/la-perte-daudition-subite\/\" aria-label=\"La perte d\u2019audition subite\"><\/a>\n\t<\/div>\n<\/div>\n<\/div>\n<\/li>\n\t\t\t\n\t\t\t\n\t\t\t\t\t\t\t\t\t\t\t\t\t\t\t\t\t\t\t\t\t\t\t\t\t\t\t\t\t\t\t\t\t\t\t\t\t\t\t\t\t\t\t\t\t\t\t\t\t\t\t\t\t\t\t\t\t\t\t\t\t\t\t\t\t\t\t\t<\/ul>\n\t<\/div>\n\t<div class=\"fusion-post-content-wrapper\" style=\"padding:30px 25px 25px 25px;\"><div class=\"fusion-post-content post-content\"><h2 class=\"blog-shortcode-post-title entry-title\"><a href=\"https:\/\/centreauditifabitibi.com\/en\/la-perte-daudition-subite\/\">La perte d\u2019audition subite<\/a><\/h2><div class=\"fusion-post-content-container\"><p>L\u2019id\u00e9e que l\u2019on se fait de la perte auditive est souvent associ\u00e9e \u00e0 une surdit\u00e9 de naissance ou \u00e0 une [...]<\/p><\/div><\/div><\/div><div class=\"fusion-clearfix\"><\/div><\/div>\n<\/article>\n<article id=\"blog-1-post-1274\" class=\"fusion-post-grid post-1274 post type-post status-publish format-standard has-post-thumbnail hentry category-article\">\n<div class=\"fusion-post-wrapper\" style=\"background-color:rgba(255,255,255,0);border:1px solid rgba(0,115,162,0.06);border-bottom-width:3px;\">\n\n\t\t\t<div class=\"fusion-flexslider flexslider fusion-flexslider-loading fusion-post-slideshow\" style=\"border-color:rgba(0,115,162,0.06);\">\n\t\t<ul class=\"slides\">\n\t\t\t\n\t\t\t\t\t\t\t\t\t\t\t\t\t\t<li><div  class=\"fusion-image-wrapper\" aria-haspopup=\"true\">\n\t\t\t\t<img decoding=\"async\" width=\"1005\" height=\"1000\" src=\"https:\/\/centreauditifabitibi.com\/wp-content\/uploads\/2023\/02\/Centre-Auditif-Abitibi-Francis-Levesque-audioprothesiste-Appareillage-REM-verification-des-appareils11.jpg\" class=\"attachment-full size-full wp-post-image\" alt=\"\" srcset=\"https:\/\/centreauditifabitibi.com\/wp-content\/uploads\/2023\/02\/Centre-Auditif-Abitibi-Francis-Levesque-audioprothesiste-Appareillage-REM-verification-des-appareils11-200x199.jpg 200w, https:\/\/centreauditifabitibi.com\/wp-content\/uploads\/2023\/02\/Centre-Auditif-Abitibi-Francis-Levesque-audioprothesiste-Appareillage-REM-verification-des-appareils11-400x398.jpg 400w, https:\/\/centreauditifabitibi.com\/wp-content\/uploads\/2023\/02\/Centre-Auditif-Abitibi-Francis-Levesque-audioprothesiste-Appareillage-REM-verification-des-appareils11-600x597.jpg 600w, https:\/\/centreauditifabitibi.com\/wp-content\/uploads\/2023\/02\/Centre-Auditif-Abitibi-Francis-Levesque-audioprothesiste-Appareillage-REM-verification-des-appareils11-800x796.jpg 800w, https:\/\/centreauditifabitibi.com\/wp-content\/uploads\/2023\/02\/Centre-Auditif-Abitibi-Francis-Levesque-audioprothesiste-Appareillage-REM-verification-des-appareils11.jpg 1005w\" sizes=\"(min-width: 2200px) 100vw, (min-width: 784px) 366px, (min-width: 712px) 549px, (min-width: 640px) 712px, \" \/><div class=\"fusion-rollover\">\n\t<div class=\"fusion-rollover-content\">\n\n\t\t\t\t\n\t\t\n\t\t\t\t\t\t\t\t\t\t\t\t<h4 class=\"fusion-rollover-title\">\n\t\t\t\t\t<a class=\"fusion-rollover-title-link\" href=\"https:\/\/centreauditifabitibi.com\/en\/programme-daides-auditives-de-la-regie-de-lassurance-maladie-du-quebec\/\">\n\t\t\t\t\t\tProgramme d\u2019aides auditives de la R\u00e9gie de l\u2019assurance maladie du Qu\u00e9bec\t\t\t\t\t<\/a>\n\t\t\t\t<\/h4>\n\t\t\t\n\t\t\t\t\t\t\t\t\n\t\t\n\t\t\t\t\t\t<a class=\"fusion-link-wrapper\" href=\"https:\/\/centreauditifabitibi.com\/en\/programme-daides-auditives-de-la-regie-de-lassurance-maladie-du-quebec\/\" aria-label=\"Programme d\u2019aides auditives de la R\u00e9gie de l\u2019assurance maladie du Qu\u00e9bec\"><\/a>\n\t<\/div>\n<\/div>\n<\/div>\n<\/li>\n\t\t\t\n\t\t\t\n\t\t\t\t\t\t\t\t\t\t\t\t\t\t\t\t\t\t\t\t\t\t\t\t\t\t\t\t\t\t\t\t\t\t\t\t\t\t\t\t\t\t\t\t\t\t\t\t\t\t\t\t\t\t\t\t\t\t\t\t\t\t\t\t\t\t\t\t<\/ul>\n\t<\/div>\n\t<div class=\"fusion-post-content-wrapper\" style=\"padding:30px 25px 25px 25px;\"><div class=\"fusion-post-content post-content\"><h2 class=\"blog-shortcode-post-title entry-title\"><a href=\"https:\/\/centreauditifabitibi.com\/en\/programme-daides-auditives-de-la-regie-de-lassurance-maladie-du-quebec\/\">Programme d\u2019aides auditives de la R\u00e9gie de l\u2019assurance maladie du Qu\u00e9bec<\/a><\/h2><div class=\"fusion-post-content-container\"><p>Le 21\u00a0janvier dernier, le journal La Presse publiait un article ayant pour titre : \u00ab\u2009Remboursement de proth\u00e8ses auditives, une aberration [...]<\/p><\/div><\/div><\/div><div class=\"fusion-clearfix\"><\/div><\/div>\n<\/article>\n<article id=\"blog-1-post-1242\" class=\"fusion-post-grid post-1242 post type-post status-publish format-standard has-post-thumbnail hentry category-article\">\n<div class=\"fusion-post-wrapper\" style=\"background-color:rgba(255,255,255,0);border:1px solid rgba(0,115,162,0.06);border-bottom-width:3px;\">\n\n\t\t\t<div class=\"fusion-flexslider flexslider fusion-flexslider-loading fusion-post-slideshow\" style=\"border-color:rgba(0,115,162,0.06);\">\n\t\t<ul class=\"slides\">\n\t\t\t\n\t\t\t\t\t\t\t\t\t\t\t\t\t\t<li><div  class=\"fusion-image-wrapper\" aria-haspopup=\"true\">\n\t\t\t\t<img decoding=\"async\" width=\"1200\" height=\"1200\" src=\"https:\/\/centreauditifabitibi.com\/wp-content\/uploads\/2022\/12\/MicrosoftTeams-image-4.jpg\" class=\"attachment-full size-full wp-post-image\" alt=\"chat no\u00ebl\" srcset=\"https:\/\/centreauditifabitibi.com\/wp-content\/uploads\/2022\/12\/MicrosoftTeams-image-4-200x200.jpg 200w, https:\/\/centreauditifabitibi.com\/wp-content\/uploads\/2022\/12\/MicrosoftTeams-image-4-400x400.jpg 400w, https:\/\/centreauditifabitibi.com\/wp-content\/uploads\/2022\/12\/MicrosoftTeams-image-4-600x600.jpg 600w, https:\/\/centreauditifabitibi.com\/wp-content\/uploads\/2022\/12\/MicrosoftTeams-image-4-800x800.jpg 800w, https:\/\/centreauditifabitibi.com\/wp-content\/uploads\/2022\/12\/MicrosoftTeams-image-4.jpg 1200w\" sizes=\"(min-width: 2200px) 100vw, (min-width: 784px) 366px, (min-width: 712px) 549px, (min-width: 640px) 712px, \" \/><div class=\"fusion-rollover\">\n\t<div class=\"fusion-rollover-content\">\n\n\t\t\t\t\n\t\t\n\t\t\t\t\t\t\t\t\t\t\t\t<h4 class=\"fusion-rollover-title\">\n\t\t\t\t\t<a class=\"fusion-rollover-title-link\" href=\"https:\/\/centreauditifabitibi.com\/en\/idees-cadeaux-pour-personnes-malentendantes\/\">\n\t\t\t\t\t\tId\u00e9es cadeaux pour personnes ayant une perte auditive\t\t\t\t\t<\/a>\n\t\t\t\t<\/h4>\n\t\t\t\n\t\t\t\t\t\t\t\t\n\t\t\n\t\t\t\t\t\t<a class=\"fusion-link-wrapper\" href=\"https:\/\/centreauditifabitibi.com\/en\/idees-cadeaux-pour-personnes-malentendantes\/\" aria-label=\"Id\u00e9es cadeaux pour personnes ayant une perte auditive\"><\/a>\n\t<\/div>\n<\/div>\n<\/div>\n<\/li>\n\t\t\t\n\t\t\t\n\t\t\t\t\t\t\t\t\t\t\t\t\t\t\t\t\t\t\t\t\t\t\t\t\t\t\t\t\t\t\t\t\t\t\t\t\t\t\t\t\t\t\t\t\t\t\t\t\t\t\t\t\t\t\t\t\t\t\t\t\t\t\t\t\t\t\t\t<\/ul>\n\t<\/div>\n\t<div class=\"fusion-post-content-wrapper\" style=\"padding:30px 25px 25px 25px;\"><div class=\"fusion-post-content post-content\"><h2 class=\"blog-shortcode-post-title entry-title\"><a href=\"https:\/\/centreauditifabitibi.com\/en\/idees-cadeaux-pour-personnes-malentendantes\/\">Id\u00e9es cadeaux pour personnes ayant une perte auditive<\/a><\/h2><div class=\"fusion-post-content-container\"><p>Parfois, l\u2019inspiration manque quand vient le temps de trouver un cadeau \u00e0 certaines personnes. Soit elles ont d\u00e9j\u00e0 tout ce [...]<\/p><\/div><\/div><\/div><div class=\"fusion-clearfix\"><\/div><\/div>\n<\/article>\n<article id=\"blog-1-post-1155\" class=\"fusion-post-grid post-1155 post type-post status-publish format-standard has-post-thumbnail hentry category-article category-prevention\">\n<div class=\"fusion-post-wrapper\" style=\"background-color:rgba(255,255,255,0);border:1px solid rgba(0,115,162,0.06);border-bottom-width:3px;\">\n\n\t\t\t<div class=\"fusion-flexslider flexslider fusion-flexslider-loading fusion-post-slideshow\" style=\"border-color:rgba(0,115,162,0.06);\">\n\t\t<ul class=\"slides\">\n\t\t\t\n\t\t\t\t\t\t\t\t\t\t\t\t\t\t<li><div  class=\"fusion-image-wrapper\" aria-haspopup=\"true\">\n\t\t\t\t<img decoding=\"async\" width=\"625\" height=\"625\" src=\"https:\/\/centreauditifabitibi.com\/wp-content\/uploads\/2022\/11\/osteoporose-perte-auditive-femme-abitibi.jpg\" class=\"attachment-full size-full wp-post-image\" alt=\"femme avec ost\u00e9oporose en consultation audioproth\u00e9siste\" srcset=\"https:\/\/centreauditifabitibi.com\/wp-content\/uploads\/2022\/11\/osteoporose-perte-auditive-femme-abitibi-200x200.jpg 200w, https:\/\/centreauditifabitibi.com\/wp-content\/uploads\/2022\/11\/osteoporose-perte-auditive-femme-abitibi-400x400.jpg 400w, https:\/\/centreauditifabitibi.com\/wp-content\/uploads\/2022\/11\/osteoporose-perte-auditive-femme-abitibi-600x600.jpg 600w, https:\/\/centreauditifabitibi.com\/wp-content\/uploads\/2022\/11\/osteoporose-perte-auditive-femme-abitibi.jpg 625w\" sizes=\"(min-width: 2200px) 100vw, (min-width: 784px) 366px, (min-width: 712px) 549px, (min-width: 640px) 712px, \" \/><div class=\"fusion-rollover\">\n\t<div class=\"fusion-rollover-content\">\n\n\t\t\t\t\n\t\t\n\t\t\t\t\t\t\t\t\t\t\t\t<h4 class=\"fusion-rollover-title\">\n\t\t\t\t\t<a class=\"fusion-rollover-title-link\" href=\"https:\/\/centreauditifabitibi.com\/en\/femme-osteoporose-perte-auditive\/\">\n\t\t\t\t\t\tLes femmes atteintes d\u2019ost\u00e9oporose courent un plus grand risque de perte auditive\t\t\t\t\t<\/a>\n\t\t\t\t<\/h4>\n\t\t\t\n\t\t\t\t\t\t\t\t\n\t\t\n\t\t\t\t\t\t<a class=\"fusion-link-wrapper\" href=\"https:\/\/centreauditifabitibi.com\/en\/femme-osteoporose-perte-auditive\/\" aria-label=\"Les femmes atteintes d\u2019ost\u00e9oporose courent un plus grand risque de perte auditive\"><\/a>\n\t<\/div>\n<\/div>\n<\/div>\n<\/li>\n\t\t\t\n\t\t\t\n\t\t\t\t\t\t\t\t\t\t\t\t\t\t\t\t\t\t\t\t\t\t\t\t\t\t\t\t\t\t\t\t\t\t\t\t\t\t\t\t\t\t\t\t\t\t\t\t\t\t\t\t\t\t\t\t\t\t\t\t\t\t\t\t\t\t\t\t<\/ul>\n\t<\/div>\n\t<div class=\"fusion-post-content-wrapper\" style=\"padding:30px 25px 25px 25px;\"><div class=\"fusion-post-content post-content\"><h2 class=\"blog-shortcode-post-title entry-title\"><a href=\"https:\/\/centreauditifabitibi.com\/en\/femme-osteoporose-perte-auditive\/\">Les femmes atteintes d\u2019ost\u00e9oporose courent un plus grand risque de perte auditive<\/a><\/h2><div class=\"fusion-post-content-container\"><p>En \u00e9tudiant plus de 140\u2009000 femmes sur une p\u00e9riode de 34 ans, des \u00e9quipes de recherche du Brigham and Woman\u2019s [...]<\/p><\/div><\/div><\/div><div class=\"fusion-clearfix\"><\/div><\/div>\n<\/article>\n<article id=\"blog-1-post-552\" class=\"fusion-post-grid post-552 post type-post status-publish format-standard has-post-thumbnail hentry category-article\">\n<div class=\"fusion-post-wrapper\" style=\"background-color:rgba(255,255,255,0);border:1px solid rgba(0,115,162,0.06);border-bottom-width:3px;\">\n\n\t\t\t<div class=\"fusion-flexslider flexslider fusion-flexslider-loading fusion-post-slideshow\" style=\"border-color:rgba(0,115,162,0.06);\">\n\t\t<ul class=\"slides\">\n\t\t\t\n\t\t\t\t\t\t\t\t\t\t\t\t\t\t<li><div  class=\"fusion-image-wrapper\" aria-haspopup=\"true\">\n\t\t\t\t<img decoding=\"async\" width=\"750\" height=\"750\" src=\"https:\/\/centreauditifabitibi.com\/wp-content\/uploads\/2022\/01\/blog-gratuite-Centre-Auditif-Abitibi-appareils-auditifs.jpg\" class=\"attachment-full size-full wp-post-image\" alt=\"\" srcset=\"https:\/\/centreauditifabitibi.com\/wp-content\/uploads\/2022\/01\/blog-gratuite-Centre-Auditif-Abitibi-appareils-auditifs-200x200.jpg 200w, https:\/\/centreauditifabitibi.com\/wp-content\/uploads\/2022\/01\/blog-gratuite-Centre-Auditif-Abitibi-appareils-auditifs-400x400.jpg 400w, https:\/\/centreauditifabitibi.com\/wp-content\/uploads\/2022\/01\/blog-gratuite-Centre-Auditif-Abitibi-appareils-auditifs-600x600.jpg 600w, https:\/\/centreauditifabitibi.com\/wp-content\/uploads\/2022\/01\/blog-gratuite-Centre-Auditif-Abitibi-appareils-auditifs.jpg 750w\" sizes=\"(min-width: 2200px) 100vw, (min-width: 784px) 366px, (min-width: 712px) 549px, (min-width: 640px) 712px, \" \/><div class=\"fusion-rollover\">\n\t<div class=\"fusion-rollover-content\">\n\n\t\t\t\t\n\t\t\n\t\t\t\t\t\t\t\t\t\t\t\t<h4 class=\"fusion-rollover-title\">\n\t\t\t\t\t<a class=\"fusion-rollover-title-link\" href=\"https:\/\/centreauditifabitibi.com\/en\/la-gratuite-des-protheses-auditives\/\">\n\t\t\t\t\t\tLa gratuit\u00e9 des proth\u00e8ses auditives\t\t\t\t\t<\/a>\n\t\t\t\t<\/h4>\n\t\t\t\n\t\t\t\t\t\t\t\t\n\t\t\n\t\t\t\t\t\t<a class=\"fusion-link-wrapper\" href=\"https:\/\/centreauditifabitibi.com\/en\/la-gratuite-des-protheses-auditives\/\" aria-label=\"La gratuit\u00e9 des proth\u00e8ses auditives\"><\/a>\n\t<\/div>\n<\/div>\n<\/div>\n<\/li>\n\t\t\t\n\t\t\t\n\t\t\t\t\t\t\t\t\t\t\t\t\t\t\t\t\t\t\t\t\t\t\t\t\t\t\t\t\t\t\t\t\t\t\t\t\t\t\t\t\t\t\t\t\t\t\t\t\t\t\t\t\t\t\t\t\t\t\t\t\t\t\t\t\t\t\t\t<\/ul>\n\t<\/div>\n\t<div class=\"fusion-post-content-wrapper\" style=\"padding:30px 25px 25px 25px;\"><div class=\"fusion-post-content post-content\"><h2 class=\"blog-shortcode-post-title entry-title\"><a href=\"https:\/\/centreauditifabitibi.com\/en\/la-gratuite-des-protheses-auditives\/\">La gratuit\u00e9 des proth\u00e8ses auditives<\/a><\/h2><div class=\"fusion-post-content-container\"><p>La R\u00e9gie de l'assurance maladie du Qu\u00e9bec\u00a0(RAMQ) Pour les adultes de\u00a0moins de 65 ans, la RAMQ paye une proth\u00e8se num\u00e9rique [...]<\/p><\/div><\/div><\/div><div class=\"fusion-clearfix\"><\/div><\/div>\n<\/article>\n<article id=\"blog-1-post-550\" class=\"fusion-post-grid post-550 post type-post status-publish format-standard has-post-thumbnail hentry category-article\">\n<div class=\"fusion-post-wrapper\" style=\"background-color:rgba(255,255,255,0);border:1px solid rgba(0,115,162,0.06);border-bottom-width:3px;\">\n\n\t\t\t<div class=\"fusion-flexslider flexslider fusion-flexslider-loading fusion-post-slideshow\" style=\"border-color:rgba(0,115,162,0.06);\">\n\t\t<ul class=\"slides\">\n\t\t\t\n\t\t\t\t\t\t\t\t\t\t\t\t\t\t<li><div  class=\"fusion-image-wrapper\" aria-haspopup=\"true\">\n\t\t\t\t<img decoding=\"async\" width=\"750\" height=\"750\" src=\"https:\/\/centreauditifabitibi.com\/wp-content\/uploads\/2022\/01\/Centre-Auditif-Abitibi-Bianca-Lachance-Audioprothesiste-professionnel-Prise-empreinte-bouchon-protection-auditive.jpg\" class=\"attachment-full size-full wp-post-image\" alt=\"\" srcset=\"https:\/\/centreauditifabitibi.com\/wp-content\/uploads\/2022\/01\/Centre-Auditif-Abitibi-Bianca-Lachance-Audioprothesiste-professionnel-Prise-empreinte-bouchon-protection-auditive-200x200.jpg 200w, https:\/\/centreauditifabitibi.com\/wp-content\/uploads\/2022\/01\/Centre-Auditif-Abitibi-Bianca-Lachance-Audioprothesiste-professionnel-Prise-empreinte-bouchon-protection-auditive-400x400.jpg 400w, https:\/\/centreauditifabitibi.com\/wp-content\/uploads\/2022\/01\/Centre-Auditif-Abitibi-Bianca-Lachance-Audioprothesiste-professionnel-Prise-empreinte-bouchon-protection-auditive-600x600.jpg 600w, https:\/\/centreauditifabitibi.com\/wp-content\/uploads\/2022\/01\/Centre-Auditif-Abitibi-Bianca-Lachance-Audioprothesiste-professionnel-Prise-empreinte-bouchon-protection-auditive.jpg 750w\" sizes=\"(min-width: 2200px) 100vw, (min-width: 784px) 366px, (min-width: 712px) 549px, (min-width: 640px) 712px, \" \/><div class=\"fusion-rollover\">\n\t<div class=\"fusion-rollover-content\">\n\n\t\t\t\t\n\t\t\n\t\t\t\t\t\t\t\t\t\t\t\t<h4 class=\"fusion-rollover-title\">\n\t\t\t\t\t<a class=\"fusion-rollover-title-link\" href=\"https:\/\/centreauditifabitibi.com\/en\/pourquoi-laudioprothesiste-a-t-il-un-titre-exclusif\/\">\n\t\t\t\t\t\tPourquoi l&#8217;audioproth\u00e9siste a-t-il un titre exclusif?\t\t\t\t\t<\/a>\n\t\t\t\t<\/h4>\n\t\t\t\n\t\t\t\t\t\t\t\t\n\t\t\n\t\t\t\t\t\t<a class=\"fusion-link-wrapper\" href=\"https:\/\/centreauditifabitibi.com\/en\/pourquoi-laudioprothesiste-a-t-il-un-titre-exclusif\/\" aria-label=\"Pourquoi l&#8217;audioproth\u00e9siste a-t-il un titre exclusif?\"><\/a>\n\t<\/div>\n<\/div>\n<\/div>\n<\/li>\n\t\t\t\n\t\t\t\n\t\t\t\t\t\t\t\t\t\t\t\t\t\t\t\t\t\t\t\t\t\t\t\t\t\t\t\t\t\t\t\t\t\t\t\t\t\t\t\t\t\t\t\t\t\t\t\t\t\t\t\t\t\t\t\t\t\t\t\t\t\t\t\t\t\t\t\t<\/ul>\n\t<\/div>\n\t<div class=\"fusion-post-content-wrapper\" style=\"padding:30px 25px 25px 25px;\"><div class=\"fusion-post-content post-content\"><h2 class=\"blog-shortcode-post-title entry-title\"><a href=\"https:\/\/centreauditifabitibi.com\/en\/pourquoi-laudioprothesiste-a-t-il-un-titre-exclusif\/\">Pourquoi l&#8217;audioproth\u00e9siste a-t-il un titre exclusif?<\/a><\/h2><div class=\"fusion-post-content-container\"><p>Saviez-vous que les audioproth\u00e9sistes sont encadr\u00e9s par un ordre professionnel et qu'ils ont des actes et un titre r\u00e9serv\u00e9s? Au [...]<\/p><\/div><\/div><\/div><div class=\"fusion-clearfix\"><\/div><\/div>\n<\/article>\n<article id=\"blog-1-post-545\" class=\"fusion-post-grid post-545 post type-post status-publish format-standard has-post-thumbnail hentry category-article\">\n<div class=\"fusion-post-wrapper\" style=\"background-color:rgba(255,255,255,0);border:1px solid rgba(0,115,162,0.06);border-bottom-width:3px;\">\n\n\t\t\t<div class=\"fusion-flexslider flexslider fusion-flexslider-loading fusion-post-slideshow\" style=\"border-color:rgba(0,115,162,0.06);\">\n\t\t<ul class=\"slides\">\n\t\t\t\n\t\t\t\t\t\t\t\t\t\t\t\t\t\t<li><div  class=\"fusion-image-wrapper\" aria-haspopup=\"true\">\n\t\t\t\t<img decoding=\"async\" width=\"750\" height=\"750\" src=\"https:\/\/centreauditifabitibi.com\/wp-content\/uploads\/2022\/01\/blog-Centre-Auditif-Abitibi-appareils-auditif-choix-variete.jpg\" class=\"attachment-full size-full wp-post-image\" alt=\"appareils auditifs\" srcset=\"https:\/\/centreauditifabitibi.com\/wp-content\/uploads\/2022\/01\/blog-Centre-Auditif-Abitibi-appareils-auditif-choix-variete-200x200.jpg 200w, https:\/\/centreauditifabitibi.com\/wp-content\/uploads\/2022\/01\/blog-Centre-Auditif-Abitibi-appareils-auditif-choix-variete-400x400.jpg 400w, https:\/\/centreauditifabitibi.com\/wp-content\/uploads\/2022\/01\/blog-Centre-Auditif-Abitibi-appareils-auditif-choix-variete-600x600.jpg 600w, https:\/\/centreauditifabitibi.com\/wp-content\/uploads\/2022\/01\/blog-Centre-Auditif-Abitibi-appareils-auditif-choix-variete.jpg 750w\" sizes=\"(min-width: 2200px) 100vw, (min-width: 784px) 366px, (min-width: 712px) 549px, (min-width: 640px) 712px, \" \/><div class=\"fusion-rollover\">\n\t<div class=\"fusion-rollover-content\">\n\n\t\t\t\t\n\t\t\n\t\t\t\t\t\t\t\t\t\t\t\t<h4 class=\"fusion-rollover-title\">\n\t\t\t\t\t<a class=\"fusion-rollover-title-link\" href=\"https:\/\/centreauditifabitibi.com\/en\/quel-appareil-auditif-me-convient-le-mieux\/\">\n\t\t\t\t\t\tQuel appareil auditif me convient le mieux?\t\t\t\t\t<\/a>\n\t\t\t\t<\/h4>\n\t\t\t\n\t\t\t\t\t\t\t\t\n\t\t\n\t\t\t\t\t\t<a class=\"fusion-link-wrapper\" href=\"https:\/\/centreauditifabitibi.com\/en\/quel-appareil-auditif-me-convient-le-mieux\/\" aria-label=\"Quel appareil auditif me convient le mieux?\"><\/a>\n\t<\/div>\n<\/div>\n<\/div>\n<\/li>\n\t\t\t\n\t\t\t\n\t\t\t\t\t\t\t\t\t\t\t\t\t\t\t\t\t\t\t\t\t\t\t\t\t\t\t\t\t\t\t\t\t\t\t\t\t\t\t\t\t\t\t\t\t\t\t\t\t\t\t\t\t\t\t\t\t\t\t\t\t\t\t\t\t\t\t\t<\/ul>\n\t<\/div>\n\t<div class=\"fusion-post-content-wrapper\" style=\"padding:30px 25px 25px 25px;\"><div class=\"fusion-post-content post-content\"><h2 class=\"blog-shortcode-post-title entry-title\"><a href=\"https:\/\/centreauditifabitibi.com\/en\/quel-appareil-auditif-me-convient-le-mieux\/\">Quel appareil auditif me convient le mieux?<\/a><\/h2><div class=\"fusion-post-content-container\"><p>Lorsque vient le temps de choisir son appareil auditif le futur porteur peut se sentir d\u00e9pass\u00e9 devant la multitude de [...]<\/p><\/div><\/div><\/div><div class=\"fusion-clearfix\"><\/div><\/div>\n<\/article>\n<article id=\"blog-1-post-543\" class=\"fusion-post-grid post-543 post type-post status-publish format-standard has-post-thumbnail hentry category-article\">\n<div class=\"fusion-post-wrapper\" style=\"background-color:rgba(255,255,255,0);border:1px solid rgba(0,115,162,0.06);border-bottom-width:3px;\">\n\n\t\t\t<div class=\"fusion-flexslider flexslider fusion-flexslider-loading fusion-post-slideshow\" style=\"border-color:rgba(0,115,162,0.06);\">\n\t\t<ul class=\"slides\">\n\t\t\t\n\t\t\t\t\t\t\t\t\t\t\t\t\t\t<li><div  class=\"fusion-image-wrapper\" aria-haspopup=\"true\">\n\t\t\t\t<img decoding=\"async\" width=\"750\" height=\"750\" src=\"https:\/\/centreauditifabitibi.com\/wp-content\/uploads\/2022\/01\/blog-Centre-Auditif-Abitibi-Appareillage-REM-verification-des-appareils.jpg\" class=\"attachment-full size-full wp-post-image\" alt=\"\" srcset=\"https:\/\/centreauditifabitibi.com\/wp-content\/uploads\/2022\/01\/blog-Centre-Auditif-Abitibi-Appareillage-REM-verification-des-appareils-200x200.jpg 200w, https:\/\/centreauditifabitibi.com\/wp-content\/uploads\/2022\/01\/blog-Centre-Auditif-Abitibi-Appareillage-REM-verification-des-appareils-400x400.jpg 400w, https:\/\/centreauditifabitibi.com\/wp-content\/uploads\/2022\/01\/blog-Centre-Auditif-Abitibi-Appareillage-REM-verification-des-appareils-600x600.jpg 600w, https:\/\/centreauditifabitibi.com\/wp-content\/uploads\/2022\/01\/blog-Centre-Auditif-Abitibi-Appareillage-REM-verification-des-appareils.jpg 750w\" sizes=\"(min-width: 2200px) 100vw, (min-width: 784px) 366px, (min-width: 712px) 549px, (min-width: 640px) 712px, \" \/><div class=\"fusion-rollover\">\n\t<div class=\"fusion-rollover-content\">\n\n\t\t\t\t\n\t\t\n\t\t\t\t\t\t\t\t\t\t\t\t<h4 class=\"fusion-rollover-title\">\n\t\t\t\t\t<a class=\"fusion-rollover-title-link\" href=\"https:\/\/centreauditifabitibi.com\/en\/lappareillage\/\">\n\t\t\t\t\t\tL\u2019appareillage\t\t\t\t\t<\/a>\n\t\t\t\t<\/h4>\n\t\t\t\n\t\t\t\t\t\t\t\t\n\t\t\n\t\t\t\t\t\t<a class=\"fusion-link-wrapper\" href=\"https:\/\/centreauditifabitibi.com\/en\/lappareillage\/\" aria-label=\"L\u2019appareillage\"><\/a>\n\t<\/div>\n<\/div>\n<\/div>\n<\/li>\n\t\t\t\n\t\t\t\n\t\t\t\t\t\t\t\t\t\t\t\t\t\t\t\t\t\t\t\t\t\t\t\t\t\t\t\t\t\t\t\t\t\t\t\t\t\t\t\t\t\t\t\t\t\t\t\t\t\t\t\t\t\t\t\t\t\t\t\t\t\t\t\t\t\t\t\t<\/ul>\n\t<\/div>\n\t<div class=\"fusion-post-content-wrapper\" style=\"padding:30px 25px 25px 25px;\"><div class=\"fusion-post-content post-content\"><h2 class=\"blog-shortcode-post-title entry-title\"><a href=\"https:\/\/centreauditifabitibi.com\/en\/lappareillage\/\">L\u2019appareillage<\/a><\/h2><div class=\"fusion-post-content-container\"><p>Le grand jour est arriv\u00e9! \u00c0 quoi dois-je m\u2019attendre? Lors du rendez-vous d\u2019appareillage, votre audioproth\u00e9siste proc\u00e9dera \u00e0 l\u2019ajustement et \u00e0 [...]<\/p><\/div><\/div><\/div><div class=\"fusion-clearfix\"><\/div><\/div>\n<\/article>\n<article id=\"blog-1-post-541\" class=\"fusion-post-grid post-541 post type-post status-publish format-standard has-post-thumbnail hentry category-article\">\n<div class=\"fusion-post-wrapper\" style=\"background-color:rgba(255,255,255,0);border:1px solid rgba(0,115,162,0.06);border-bottom-width:3px;\">\n\n\t\t\t<div class=\"fusion-flexslider flexslider fusion-flexslider-loading fusion-post-slideshow\" style=\"border-color:rgba(0,115,162,0.06);\">\n\t\t<ul class=\"slides\">\n\t\t\t\n\t\t\t\t\t\t\t\t\t\t\t\t\t\t<li><div  class=\"fusion-image-wrapper\" aria-haspopup=\"true\">\n\t\t\t\t<img decoding=\"async\" width=\"750\" height=\"750\" src=\"https:\/\/centreauditifabitibi.com\/wp-content\/uploads\/2022\/01\/blog-quand-beau-vrai-auditif-centre.jpg\" class=\"attachment-full size-full wp-post-image\" alt=\"\" srcset=\"https:\/\/centreauditifabitibi.com\/wp-content\/uploads\/2022\/01\/blog-quand-beau-vrai-auditif-centre-200x200.jpg 200w, https:\/\/centreauditifabitibi.com\/wp-content\/uploads\/2022\/01\/blog-quand-beau-vrai-auditif-centre-400x400.jpg 400w, https:\/\/centreauditifabitibi.com\/wp-content\/uploads\/2022\/01\/blog-quand-beau-vrai-auditif-centre-600x600.jpg 600w, https:\/\/centreauditifabitibi.com\/wp-content\/uploads\/2022\/01\/blog-quand-beau-vrai-auditif-centre.jpg 750w\" sizes=\"(min-width: 2200px) 100vw, (min-width: 784px) 366px, (min-width: 712px) 549px, (min-width: 640px) 712px, \" \/><div class=\"fusion-rollover\">\n\t<div class=\"fusion-rollover-content\">\n\n\t\t\t\t\n\t\t\n\t\t\t\t\t\t\t\t\t\t\t\t<h4 class=\"fusion-rollover-title\">\n\t\t\t\t\t<a class=\"fusion-rollover-title-link\" href=\"https:\/\/centreauditifabitibi.com\/en\/quand-cest-trop-beau-pour-etre-vrai\/\">\n\t\t\t\t\t\tQuand c&#8217;est trop beau pour \u00eatre vrai\t\t\t\t\t<\/a>\n\t\t\t\t<\/h4>\n\t\t\t\n\t\t\t\t\t\t\t\t\n\t\t\n\t\t\t\t\t\t<a class=\"fusion-link-wrapper\" href=\"https:\/\/centreauditifabitibi.com\/en\/quand-cest-trop-beau-pour-etre-vrai\/\" aria-label=\"Quand c&#8217;est trop beau pour \u00eatre vrai\"><\/a>\n\t<\/div>\n<\/div>\n<\/div>\n<\/li>\n\t\t\t\n\t\t\t\n\t\t\t\t\t\t\t\t\t\t\t\t\t\t\t\t\t\t\t\t\t\t\t\t\t\t\t\t\t\t\t\t\t\t\t\t\t\t\t\t\t\t\t\t\t\t\t\t\t\t\t\t\t\t\t\t\t\t\t\t\t\t\t\t\t\t\t\t<\/ul>\n\t<\/div>\n\t<div class=\"fusion-post-content-wrapper\" style=\"padding:30px 25px 25px 25px;\"><div class=\"fusion-post-content post-content\"><h2 class=\"blog-shortcode-post-title entry-title\"><a href=\"https:\/\/centreauditifabitibi.com\/en\/quand-cest-trop-beau-pour-etre-vrai\/\">Quand c&#8217;est trop beau pour \u00eatre vrai<\/a><\/h2><div class=\"fusion-post-content-container\"><p>Quand c\u2019est trop beau pour \u00eatre vrai\u2026 M\u00e9fiez-vous des offres \u00e0 rabais sur le NET ! Au Qu\u00e9bec, la Loi [...]<\/p><\/div><\/div><\/div><div class=\"fusion-clearfix\"><\/div><\/div>\n<\/article>\n<article id=\"blog-1-post-539\" class=\"fusion-post-grid post-539 post type-post status-publish format-standard has-post-thumbnail hentry category-article\">\n<div class=\"fusion-post-wrapper\" style=\"background-color:rgba(255,255,255,0);border:1px solid rgba(0,115,162,0.06);border-bottom-width:3px;\">\n\n\t\t\t<div class=\"fusion-flexslider flexslider fusion-flexslider-loading fusion-post-slideshow\" style=\"border-color:rgba(0,115,162,0.06);\">\n\t\t<ul class=\"slides\">\n\t\t\t\n\t\t\t\t\t\t\t\t\t\t\t\t\t\t<li><div  class=\"fusion-image-wrapper\" aria-haspopup=\"true\">\n\t\t\t\t<img decoding=\"async\" width=\"750\" height=\"750\" src=\"https:\/\/centreauditifabitibi.com\/wp-content\/uploads\/2022\/01\/blog-Centre-Auditif-Abitibi-Patricia-Gagne-audioprothesiste-Service-personnalise.jpg\" class=\"attachment-full size-full wp-post-image\" alt=\"\" srcset=\"https:\/\/centreauditifabitibi.com\/wp-content\/uploads\/2022\/01\/blog-Centre-Auditif-Abitibi-Patricia-Gagne-audioprothesiste-Service-personnalise-200x200.jpg 200w, https:\/\/centreauditifabitibi.com\/wp-content\/uploads\/2022\/01\/blog-Centre-Auditif-Abitibi-Patricia-Gagne-audioprothesiste-Service-personnalise.jpg 750w\" sizes=\"(min-width: 2200px) 100vw, (min-width: 784px) 366px, (min-width: 712px) 549px, (min-width: 640px) 712px, \" \/><div class=\"fusion-rollover\">\n\t<div class=\"fusion-rollover-content\">\n\n\t\t\t\t\n\t\t\n\t\t\t\t\t\t\t\t\t\t\t\t<h4 class=\"fusion-rollover-title\">\n\t\t\t\t\t<a class=\"fusion-rollover-title-link\" href=\"https:\/\/centreauditifabitibi.com\/en\/la-perte-daudition-est-ce-frequent\/\">\n\t\t\t\t\t\tLa perte d&#8217;audition, est-ce fr\u00e9quent?\t\t\t\t\t<\/a>\n\t\t\t\t<\/h4>\n\t\t\t\n\t\t\t\t\t\t\t\t\n\t\t\n\t\t\t\t\t\t<a class=\"fusion-link-wrapper\" href=\"https:\/\/centreauditifabitibi.com\/en\/la-perte-daudition-est-ce-frequent\/\" aria-label=\"La perte d&#8217;audition, est-ce fr\u00e9quent?\"><\/a>\n\t<\/div>\n<\/div>\n<\/div>\n<\/li>\n\t\t\t\n\t\t\t\n\t\t\t\t\t\t\t\t\t\t\t\t\t\t\t\t\t\t\t\t\t\t\t\t\t\t\t\t\t\t\t\t\t\t\t\t\t\t\t\t\t\t\t\t\t\t\t\t\t\t\t\t\t\t\t\t\t\t\t\t\t\t\t\t\t\t\t\t<\/ul>\n\t<\/div>\n\t<div class=\"fusion-post-content-wrapper\" style=\"padding:30px 25px 25px 25px;\"><div class=\"fusion-post-content post-content\"><h2 class=\"blog-shortcode-post-title entry-title\"><a href=\"https:\/\/centreauditifabitibi.com\/en\/la-perte-daudition-est-ce-frequent\/\">La perte d&#8217;audition, est-ce fr\u00e9quent?<\/a><\/h2><div class=\"fusion-post-content-container\"><p>Saviez-vous qu\u2019il est possible d\u2019\u00eatre atteint d\u2019une perte auditive sans m\u00eame le savoir? C\u2019est pourtant le cas pour beaucoup de [...]<\/p><\/div><\/div><\/div><div class=\"fusion-clearfix\"><\/div><\/div>\n<\/article>\n<article id=\"blog-1-post-537\" class=\"fusion-post-grid post-537 post type-post status-publish format-standard has-post-thumbnail hentry category-article\">\n<div class=\"fusion-post-wrapper\" style=\"background-color:rgba(255,255,255,0);border:1px solid rgba(0,115,162,0.06);border-bottom-width:3px;\">\n\n\t\t\t<div class=\"fusion-flexslider flexslider fusion-flexslider-loading fusion-post-slideshow\" style=\"border-color:rgba(0,115,162,0.06);\">\n\t\t<ul class=\"slides\">\n\t\t\t\n\t\t\t\t\t\t\t\t\t\t\t\t\t\t<li><div  class=\"fusion-image-wrapper\" aria-haspopup=\"true\">\n\t\t\t\t<img decoding=\"async\" width=\"750\" height=\"750\" src=\"https:\/\/centreauditifabitibi.com\/wp-content\/uploads\/2022\/01\/Centre-Auditif-Abitibi-Test-de-depistage-audiogramme.jpg\" class=\"attachment-full size-full wp-post-image\" alt=\"\" srcset=\"https:\/\/centreauditifabitibi.com\/wp-content\/uploads\/2022\/01\/Centre-Auditif-Abitibi-Test-de-depistage-audiogramme-200x200.jpg 200w, https:\/\/centreauditifabitibi.com\/wp-content\/uploads\/2022\/01\/Centre-Auditif-Abitibi-Test-de-depistage-audiogramme.jpg 750w\" sizes=\"(min-width: 2200px) 100vw, (min-width: 784px) 366px, (min-width: 712px) 549px, (min-width: 640px) 712px, \" \/><div class=\"fusion-rollover\">\n\t<div class=\"fusion-rollover-content\">\n\n\t\t\t\t\n\t\t\n\t\t\t\t\t\t\t\t\t\t\t\t<h4 class=\"fusion-rollover-title\">\n\t\t\t\t\t<a class=\"fusion-rollover-title-link\" href=\"https:\/\/centreauditifabitibi.com\/en\/lon-ma-diagnostique-une-perte-auditive-et-puis-apres\/\">\n\t\t\t\t\t\tL\u2019on m\u2019a diagnostiqu\u00e9 une perte auditive. Et puis apr\u00e8s ?\t\t\t\t\t<\/a>\n\t\t\t\t<\/h4>\n\t\t\t\n\t\t\t\t\t\t\t\t\n\t\t\n\t\t\t\t\t\t<a class=\"fusion-link-wrapper\" href=\"https:\/\/centreauditifabitibi.com\/en\/lon-ma-diagnostique-une-perte-auditive-et-puis-apres\/\" aria-label=\"L\u2019on m\u2019a diagnostiqu\u00e9 une perte auditive. Et puis apr\u00e8s ?\"><\/a>\n\t<\/div>\n<\/div>\n<\/div>\n<\/li>\n\t\t\t\n\t\t\t\n\t\t\t\t\t\t\t\t\t\t\t\t\t\t\t\t\t\t\t\t\t\t\t\t\t\t\t\t\t\t\t\t\t\t\t\t\t\t\t\t\t\t\t\t\t\t\t\t\t\t\t\t\t\t\t\t\t\t\t\t\t\t\t\t\t\t\t\t<\/ul>\n\t<\/div>\n\t<div class=\"fusion-post-content-wrapper\" style=\"padding:30px 25px 25px 25px;\"><div class=\"fusion-post-content post-content\"><h2 class=\"blog-shortcode-post-title entry-title\"><a href=\"https:\/\/centreauditifabitibi.com\/en\/lon-ma-diagnostique-une-perte-auditive-et-puis-apres\/\">L\u2019on m\u2019a diagnostiqu\u00e9 une perte auditive. Et puis apr\u00e8s ?<\/a><\/h2><div class=\"fusion-post-content-container\"><p>Lorsque le diagnostic d\u2019une perte auditive est donn\u00e9 par un m\u00e9decin ou un(e) audiologiste, plusieurs personnes en sont \u00e9tonn\u00e9es. Puisque [...]<\/p><\/div><\/div><\/div><div class=\"fusion-clearfix\"><\/div><\/div>\n<\/article>\n<article id=\"blog-1-post-533\" class=\"fusion-post-grid post-533 post type-post status-publish format-standard has-post-thumbnail hentry category-article\">\n<div class=\"fusion-post-wrapper\" style=\"background-color:rgba(255,255,255,0);border:1px solid rgba(0,115,162,0.06);border-bottom-width:3px;\">\n\n\t\t\t<div class=\"fusion-flexslider flexslider fusion-flexslider-loading fusion-post-slideshow\" style=\"border-color:rgba(0,115,162,0.06);\">\n\t\t<ul class=\"slides\">\n\t\t\t\n\t\t\t\t\t\t\t\t\t\t\t\t\t\t<li><div  class=\"fusion-image-wrapper\" aria-haspopup=\"true\">\n\t\t\t\t<img decoding=\"async\" width=\"750\" height=\"750\" src=\"https:\/\/centreauditifabitibi.com\/wp-content\/uploads\/2022\/01\/blog-Centre-Auditif-Abitibi-Marie-Ann-Cyr-audioprothesiste-accueil-courtoie.jpg\" class=\"attachment-full size-full wp-post-image\" alt=\"\" srcset=\"https:\/\/centreauditifabitibi.com\/wp-content\/uploads\/2022\/01\/blog-Centre-Auditif-Abitibi-Marie-Ann-Cyr-audioprothesiste-accueil-courtoie-200x200.jpg 200w, https:\/\/centreauditifabitibi.com\/wp-content\/uploads\/2022\/01\/blog-Centre-Auditif-Abitibi-Marie-Ann-Cyr-audioprothesiste-accueil-courtoie-400x400.jpg 400w, https:\/\/centreauditifabitibi.com\/wp-content\/uploads\/2022\/01\/blog-Centre-Auditif-Abitibi-Marie-Ann-Cyr-audioprothesiste-accueil-courtoie-600x600.jpg 600w, https:\/\/centreauditifabitibi.com\/wp-content\/uploads\/2022\/01\/blog-Centre-Auditif-Abitibi-Marie-Ann-Cyr-audioprothesiste-accueil-courtoie.jpg 750w\" sizes=\"(min-width: 2200px) 100vw, (min-width: 784px) 366px, (min-width: 712px) 549px, (min-width: 640px) 712px, \" \/><div class=\"fusion-rollover\">\n\t<div class=\"fusion-rollover-content\">\n\n\t\t\t\t\n\t\t\n\t\t\t\t\t\t\t\t\t\t\t\t<h4 class=\"fusion-rollover-title\">\n\t\t\t\t\t<a class=\"fusion-rollover-title-link\" href=\"https:\/\/centreauditifabitibi.com\/en\/le-processus-dappareillage\/\">\n\t\t\t\t\t\tLe processus d\u2019appareillage\t\t\t\t\t<\/a>\n\t\t\t\t<\/h4>\n\t\t\t\n\t\t\t\t\t\t\t\t\n\t\t\n\t\t\t\t\t\t<a class=\"fusion-link-wrapper\" href=\"https:\/\/centreauditifabitibi.com\/en\/le-processus-dappareillage\/\" aria-label=\"Le processus d\u2019appareillage\"><\/a>\n\t<\/div>\n<\/div>\n<\/div>\n<\/li>\n\t\t\t\n\t\t\t\n\t\t\t\t\t\t\t\t\t\t\t\t\t\t\t\t\t\t\t\t\t\t\t\t\t\t\t\t\t\t\t\t\t\t\t\t\t\t\t\t\t\t\t\t\t\t\t\t\t\t\t\t\t\t\t\t\t\t\t\t\t\t\t\t\t\t\t\t<\/ul>\n\t<\/div>\n\t<div class=\"fusion-post-content-wrapper\" style=\"padding:30px 25px 25px 25px;\"><div class=\"fusion-post-content post-content\"><h2 class=\"blog-shortcode-post-title entry-title\"><a href=\"https:\/\/centreauditifabitibi.com\/en\/le-processus-dappareillage\/\">Le processus d\u2019appareillage<\/a><\/h2><div class=\"fusion-post-content-container\"><p>Ce que l\u2019audioproth\u00e9siste peut faire pour am\u00e9liorer votre audition Au Qu\u00e9bec, seul un audioproth\u00e9siste avec un permis d\u2019exercice reconnu par [...]<\/p><\/div><\/div><\/div><div class=\"fusion-clearfix\"><\/div><\/div>\n<\/article>\n<article id=\"blog-1-post-515\" class=\"fusion-post-grid post-515 post type-post status-publish format-standard has-post-thumbnail hentry category-article\">\n<div class=\"fusion-post-wrapper\" style=\"background-color:rgba(255,255,255,0);border:1px solid rgba(0,115,162,0.06);border-bottom-width:3px;\">\n\n\t\t\t<div class=\"fusion-flexslider flexslider fusion-flexslider-loading fusion-post-slideshow\" style=\"border-color:rgba(0,115,162,0.06);\">\n\t\t<ul class=\"slides\">\n\t\t\t\n\t\t\t\t\t\t\t\t\t\t\t\t\t\t<li><div  class=\"fusion-image-wrapper\" aria-haspopup=\"true\">\n\t\t\t\t<img decoding=\"async\" width=\"709\" height=\"710\" src=\"https:\/\/centreauditifabitibi.com\/wp-content\/uploads\/2022\/01\/adapatation-appareils-auditif-prothese.jpg\" class=\"attachment-full size-full wp-post-image\" alt=\"\" srcset=\"https:\/\/centreauditifabitibi.com\/wp-content\/uploads\/2022\/01\/adapatation-appareils-auditif-prothese-200x200.jpg 200w, https:\/\/centreauditifabitibi.com\/wp-content\/uploads\/2022\/01\/adapatation-appareils-auditif-prothese-400x401.jpg 400w, https:\/\/centreauditifabitibi.com\/wp-content\/uploads\/2022\/01\/adapatation-appareils-auditif-prothese-600x601.jpg 600w, https:\/\/centreauditifabitibi.com\/wp-content\/uploads\/2022\/01\/adapatation-appareils-auditif-prothese.jpg 709w\" sizes=\"(min-width: 2200px) 100vw, (min-width: 784px) 366px, (min-width: 712px) 549px, (min-width: 640px) 712px, \" \/><div class=\"fusion-rollover\">\n\t<div class=\"fusion-rollover-content\">\n\n\t\t\t\t\n\t\t\n\t\t\t\t\t\t\t\t\t\t\t\t<h4 class=\"fusion-rollover-title\">\n\t\t\t\t\t<a class=\"fusion-rollover-title-link\" href=\"https:\/\/centreauditifabitibi.com\/en\/ladaptation-au-port-des-appareils-auditifs\/\">\n\t\t\t\t\t\tL\u2019adaptation au port des appareils auditifs\t\t\t\t\t<\/a>\n\t\t\t\t<\/h4>\n\t\t\t\n\t\t\t\t\t\t\t\t\n\t\t\n\t\t\t\t\t\t<a class=\"fusion-link-wrapper\" href=\"https:\/\/centreauditifabitibi.com\/en\/ladaptation-au-port-des-appareils-auditifs\/\" aria-label=\"L\u2019adaptation au port des appareils auditifs\"><\/a>\n\t<\/div>\n<\/div>\n<\/div>\n<\/li>\n\t\t\t\n\t\t\t\n\t\t\t\t\t\t\t\t\t\t\t\t\t\t\t\t\t\t\t\t\t\t\t\t\t\t\t\t\t\t\t\t\t\t\t\t\t\t\t\t\t\t\t\t\t\t\t\t\t\t\t\t\t\t\t\t\t\t\t\t\t\t\t\t\t\t\t\t<\/ul>\n\t<\/div>\n\t<div class=\"fusion-post-content-wrapper\" style=\"padding:30px 25px 25px 25px;\"><div class=\"fusion-post-content post-content\"><h2 class=\"blog-shortcode-post-title entry-title\"><a href=\"https:\/\/centreauditifabitibi.com\/en\/ladaptation-au-port-des-appareils-auditifs\/\">L\u2019adaptation au port des appareils auditifs<\/a><\/h2><div class=\"fusion-post-content-container\"><p>Vous avez maintenant vos proth\u00e8ses \u00a0auditives. Comme toute nouvelle exp\u00e9rience, vous devez vous y habituer et cette adaptation peut \u00eatre [...]<\/p><\/div><\/div><\/div><div class=\"fusion-clearfix\"><\/div><\/div>\n<\/article>\n<article id=\"blog-1-post-387\" class=\"fusion-post-grid post-387 post type-post status-publish format-standard has-post-thumbnail hentry category-article\">\n<div class=\"fusion-post-wrapper\" style=\"background-color:rgba(255,255,255,0);border:1px solid rgba(0,115,162,0.06);border-bottom-width:3px;\">\n\n\t\t\t<div class=\"fusion-flexslider flexslider fusion-flexslider-loading fusion-post-slideshow\" style=\"border-color:rgba(0,115,162,0.06);\">\n\t\t<ul class=\"slides\">\n\t\t\t\n\t\t\t\t\t\t\t\t\t\t\t\t\t\t<li><div  class=\"fusion-image-wrapper\" aria-haspopup=\"true\">\n\t\t\t\t<img decoding=\"async\" width=\"750\" height=\"750\" src=\"https:\/\/centreauditifabitibi.com\/wp-content\/uploads\/2022\/01\/blog-centre-auditif-debourser.jpg\" class=\"attachment-full size-full wp-post-image\" alt=\"\" srcset=\"https:\/\/centreauditifabitibi.com\/wp-content\/uploads\/2022\/01\/blog-centre-auditif-debourser-200x200.jpg 200w, https:\/\/centreauditifabitibi.com\/wp-content\/uploads\/2022\/01\/blog-centre-auditif-debourser-400x400.jpg 400w, https:\/\/centreauditifabitibi.com\/wp-content\/uploads\/2022\/01\/blog-centre-auditif-debourser-600x600.jpg 600w, https:\/\/centreauditifabitibi.com\/wp-content\/uploads\/2022\/01\/blog-centre-auditif-debourser.jpg 750w\" sizes=\"(min-width: 2200px) 100vw, (min-width: 784px) 366px, (min-width: 712px) 549px, (min-width: 640px) 712px, \" \/><div class=\"fusion-rollover\">\n\t<div class=\"fusion-rollover-content\">\n\n\t\t\t\t\n\t\t\n\t\t\t\t\t\t\t\t\t\t\t\t<h4 class=\"fusion-rollover-title\">\n\t\t\t\t\t<a class=\"fusion-rollover-title-link\" href=\"https:\/\/centreauditifabitibi.com\/en\/dois-je-debourser-ou-non-pour-mes-appareils\/\">\n\t\t\t\t\t\tDois-je d\u00e9bourser ou non pour mes appareils\t\t\t\t\t<\/a>\n\t\t\t\t<\/h4>\n\t\t\t\n\t\t\t\t\t\t\t\t\n\t\t\n\t\t\t\t\t\t<a class=\"fusion-link-wrapper\" href=\"https:\/\/centreauditifabitibi.com\/en\/dois-je-debourser-ou-non-pour-mes-appareils\/\" aria-label=\"Dois-je d\u00e9bourser ou non pour mes appareils\"><\/a>\n\t<\/div>\n<\/div>\n<\/div>\n<\/li>\n\t\t\t\n\t\t\t\n\t\t\t\t\t\t\t\t\t\t\t\t\t\t\t\t\t\t\t\t\t\t\t\t\t\t\t\t\t\t\t\t\t\t\t\t\t\t\t\t\t\t\t\t\t\t\t\t\t\t\t\t\t\t\t\t\t\t\t\t\t\t\t\t\t\t\t\t<\/ul>\n\t<\/div>\n\t<div class=\"fusion-post-content-wrapper\" style=\"padding:30px 25px 25px 25px;\"><div class=\"fusion-post-content post-content\"><h2 class=\"blog-shortcode-post-title entry-title\"><a href=\"https:\/\/centreauditifabitibi.com\/en\/dois-je-debourser-ou-non-pour-mes-appareils\/\">Dois-je d\u00e9bourser ou non pour mes appareils<\/a><\/h2><div class=\"fusion-post-content-container\"><p>Maintenant que j\u2019ai choisi avec mon audioproth\u00e9siste le type d\u2019appareil qui me convient le mieux, dans quelle cat\u00e9gorie dois-je investir?\u00a0 [...]<\/p><\/div><\/div><\/div><div class=\"fusion-clearfix\"><\/div><\/div>\n<\/article>\n<article id=\"blog-1-post-348\" class=\"fusion-post-grid post-348 post type-post status-publish format-standard has-post-thumbnail hentry category-article\">\n<div class=\"fusion-post-wrapper\" style=\"background-color:rgba(255,255,255,0);border:1px solid rgba(0,115,162,0.06);border-bottom-width:3px;\">\n\n\t\t\t<div class=\"fusion-flexslider flexslider fusion-flexslider-loading fusion-post-slideshow\" style=\"border-color:rgba(0,115,162,0.06);\">\n\t\t<ul class=\"slides\">\n\t\t\t\n\t\t\t\t\t\t\t\t\t\t\t\t\t\t<li><div  class=\"fusion-image-wrapper\" aria-haspopup=\"true\">\n\t\t\t\t<img decoding=\"async\" width=\"750\" height=\"750\" src=\"https:\/\/centreauditifabitibi.com\/wp-content\/uploads\/2022\/01\/blog-motifs-telecommande-tv.jpg\" class=\"attachment-full size-full wp-post-image\" alt=\"\" srcset=\"https:\/\/centreauditifabitibi.com\/wp-content\/uploads\/2022\/01\/blog-motifs-telecommande-tv-200x200.jpg 200w, https:\/\/centreauditifabitibi.com\/wp-content\/uploads\/2022\/01\/blog-motifs-telecommande-tv-400x400.jpg 400w, https:\/\/centreauditifabitibi.com\/wp-content\/uploads\/2022\/01\/blog-motifs-telecommande-tv-600x600.jpg 600w, https:\/\/centreauditifabitibi.com\/wp-content\/uploads\/2022\/01\/blog-motifs-telecommande-tv.jpg 750w\" sizes=\"(min-width: 2200px) 100vw, (min-width: 784px) 366px, (min-width: 712px) 549px, (min-width: 640px) 712px, \" \/><div class=\"fusion-rollover\">\n\t<div class=\"fusion-rollover-content\">\n\n\t\t\t\t\n\t\t\n\t\t\t\t\t\t\t\t\t\t\t\t<h4 class=\"fusion-rollover-title\">\n\t\t\t\t\t<a class=\"fusion-rollover-title-link\" href=\"https:\/\/centreauditifabitibi.com\/en\/motifs-de-la-premiere-consultation\/\">\n\t\t\t\t\t\tMotifs de la premi\u00e8re consultation\t\t\t\t\t<\/a>\n\t\t\t\t<\/h4>\n\t\t\t\n\t\t\t\t\t\t\t\t\n\t\t\n\t\t\t\t\t\t<a class=\"fusion-link-wrapper\" href=\"https:\/\/centreauditifabitibi.com\/en\/motifs-de-la-premiere-consultation\/\" aria-label=\"Motifs de la premi\u00e8re consultation\"><\/a>\n\t<\/div>\n<\/div>\n<\/div>\n<\/li>\n\t\t\t\n\t\t\t\n\t\t\t\t\t\t\t\t\t\t\t\t\t\t\t\t\t\t\t\t\t\t\t\t\t\t\t\t\t\t\t\t\t\t\t\t\t\t\t\t\t\t\t\t\t\t\t\t\t\t\t\t\t\t\t\t\t\t\t\t\t\t\t\t\t\t\t\t<\/ul>\n\t<\/div>\n\t<div class=\"fusion-post-content-wrapper\" style=\"padding:30px 25px 25px 25px;\"><div class=\"fusion-post-content post-content\"><h2 class=\"blog-shortcode-post-title entry-title\"><a href=\"https:\/\/centreauditifabitibi.com\/en\/motifs-de-la-premiere-consultation\/\">Motifs de la premi\u00e8re consultation<\/a><\/h2><div class=\"fusion-post-content-container\"><p>Les principaux points sur lesquels l'audioproth\u00e9siste peut se baser pour d\u00e9terminer s'il y a un probl\u00e8me d'audition sont les suivants [...]<\/p><\/div><\/div><\/div><div class=\"fusion-clearfix\"><\/div><\/div>\n<\/article>\n<div class=\"fusion-clearfix\"><\/div><\/div><\/div><\/div><\/div><\/div><\/div>\n","protected":false},"excerpt":{"rendered":"","protected":false},"author":1,"featured_media":0,"parent":0,"menu_order":0,"comment_status":"closed","ping_status":"closed","template":"","meta":{"footnotes":""},"class_list":["post-346","page","type-page","status-publish","hentry"],"yoast_head":"<!-- This site is optimized with the Yoast SEO plugin v26.0 - https:\/\/yoast.com\/wordpress\/plugins\/seo\/ -->\n<title>Blogue - Centre Auditif Abitibi<\/title>\n<meta name=\"robots\" content=\"index, follow, max-snippet:-1, max-image-preview:large, max-video-preview:-1\" \/>\n<link rel=\"canonical\" href=\"https:\/\/centreauditifabitibi.com\/en\/blogue\/\" \/>\n<meta property=\"og:locale\" content=\"en_US\" \/>\n<meta property=\"og:type\" content=\"article\" \/>\n<meta property=\"og:title\" content=\"Blogue - Centre Auditif Abitibi\" \/>\n<meta property=\"og:url\" content=\"https:\/\/centreauditifabitibi.com\/en\/blogue\/\" \/>\n<meta property=\"og:site_name\" content=\"Centre Auditif Abitibi\" \/>\n<meta property=\"article:modified_time\" content=\"2022-03-31T17:02:44+00:00\" \/>\n<meta property=\"og:image\" content=\"https:\/\/centreauditifabitibi.com\/wp-content\/uploads\/2022\/01\/blog-Quel-appareil-auditif-me-convient-le-mieux.jpg\" \/>\n\t<meta property=\"og:image:width\" content=\"1500\" \/>\n\t<meta property=\"og:image:height\" content=\"1000\" \/>\n\t<meta property=\"og:image:type\" content=\"image\/jpeg\" \/>\n<meta name=\"twitter:card\" content=\"summary_large_image\" \/>\n<meta name=\"twitter:label1\" content=\"Est. reading time\" \/>\n\t<meta name=\"twitter:data1\" content=\"2 minutes\" \/>\n<script type=\"application\/ld+json\" class=\"yoast-schema-graph\">{\"@context\":\"https:\/\/schema.org\",\"@graph\":[{\"@type\":\"WebPage\",\"@id\":\"https:\/\/centreauditifabitibi.com\/en\/blogue\/\",\"url\":\"https:\/\/centreauditifabitibi.com\/en\/blogue\/\",\"name\":\"Blogue - Centre Auditif Abitibi\",\"isPartOf\":{\"@id\":\"https:\/\/centreauditifabitibi.com\/en\/#website\"},\"datePublished\":\"2022-01-11T15:32:11+00:00\",\"dateModified\":\"2022-03-31T17:02:44+00:00\",\"breadcrumb\":{\"@id\":\"https:\/\/centreauditifabitibi.com\/en\/blogue\/#breadcrumb\"},\"inLanguage\":\"en-US\",\"potentialAction\":[{\"@type\":\"ReadAction\",\"target\":[\"https:\/\/centreauditifabitibi.com\/en\/blogue\/\"]}]},{\"@type\":\"BreadcrumbList\",\"@id\":\"https:\/\/centreauditifabitibi.com\/en\/blogue\/#breadcrumb\",\"itemListElement\":[{\"@type\":\"ListItem\",\"position\":1,\"name\":\"Accueil\",\"item\":\"https:\/\/centreauditifabitibi.com\/en\/\"},{\"@type\":\"ListItem\",\"position\":2,\"name\":\"Blogue\"}]},{\"@type\":\"WebSite\",\"@id\":\"https:\/\/centreauditifabitibi.com\/en\/#website\",\"url\":\"https:\/\/centreauditifabitibi.com\/en\/\",\"name\":\"Centre Auditif Abitibi\",\"description\":\"\",\"potentialAction\":[{\"@type\":\"SearchAction\",\"target\":{\"@type\":\"EntryPoint\",\"urlTemplate\":\"https:\/\/centreauditifabitibi.com\/en\/?s={search_term_string}\"},\"query-input\":{\"@type\":\"PropertyValueSpecification\",\"valueRequired\":true,\"valueName\":\"search_term_string\"}}],\"inLanguage\":\"en-US\"}]}<\/script>\n<!-- \/ Yoast SEO plugin. -->","yoast_head_json":{"title":"Blogue - Centre Auditif Abitibi","robots":{"index":"index","follow":"follow","max-snippet":"max-snippet:-1","max-image-preview":"max-image-preview:large","max-video-preview":"max-video-preview:-1"},"canonical":"https:\/\/centreauditifabitibi.com\/en\/blogue\/","og_locale":"en_US","og_type":"article","og_title":"Blogue - Centre Auditif Abitibi","og_url":"https:\/\/centreauditifabitibi.com\/en\/blogue\/","og_site_name":"Centre Auditif Abitibi","article_modified_time":"2022-03-31T17:02:44+00:00","og_image":[{"width":1500,"height":1000,"url":"https:\/\/centreauditifabitibi.com\/wp-content\/uploads\/2022\/01\/blog-Quel-appareil-auditif-me-convient-le-mieux.jpg","type":"image\/jpeg"}],"twitter_card":"summary_large_image","twitter_misc":{"Est. reading time":"2 minutes"},"schema":{"@context":"https:\/\/schema.org","@graph":[{"@type":"WebPage","@id":"https:\/\/centreauditifabitibi.com\/en\/blogue\/","url":"https:\/\/centreauditifabitibi.com\/en\/blogue\/","name":"Blogue - Centre Auditif Abitibi","isPartOf":{"@id":"https:\/\/centreauditifabitibi.com\/en\/#website"},"datePublished":"2022-01-11T15:32:11+00:00","dateModified":"2022-03-31T17:02:44+00:00","breadcrumb":{"@id":"https:\/\/centreauditifabitibi.com\/en\/blogue\/#breadcrumb"},"inLanguage":"en-US","potentialAction":[{"@type":"ReadAction","target":["https:\/\/centreauditifabitibi.com\/en\/blogue\/"]}]},{"@type":"BreadcrumbList","@id":"https:\/\/centreauditifabitibi.com\/en\/blogue\/#breadcrumb","itemListElement":[{"@type":"ListItem","position":1,"name":"Accueil","item":"https:\/\/centreauditifabitibi.com\/en\/"},{"@type":"ListItem","position":2,"name":"Blogue"}]},{"@type":"WebSite","@id":"https:\/\/centreauditifabitibi.com\/en\/#website","url":"https:\/\/centreauditifabitibi.com\/en\/","name":"Centre Auditif Abitibi","description":"","potentialAction":[{"@type":"SearchAction","target":{"@type":"EntryPoint","urlTemplate":"https:\/\/centreauditifabitibi.com\/en\/?s={search_term_string}"},"query-input":{"@type":"PropertyValueSpecification","valueRequired":true,"valueName":"search_term_string"}}],"inLanguage":"en-US"}]}},"_links":{"self":[{"href":"https:\/\/centreauditifabitibi.com\/en\/wp-json\/wp\/v2\/pages\/346","targetHints":{"allow":["GET"]}}],"collection":[{"href":"https:\/\/centreauditifabitibi.com\/en\/wp-json\/wp\/v2\/pages"}],"about":[{"href":"https:\/\/centreauditifabitibi.com\/en\/wp-json\/wp\/v2\/types\/page"}],"author":[{"embeddable":true,"href":"https:\/\/centreauditifabitibi.com\/en\/wp-json\/wp\/v2\/users\/1"}],"replies":[{"embeddable":true,"href":"https:\/\/centreauditifabitibi.com\/en\/wp-json\/wp\/v2\/comments?post=346"}],"version-history":[{"count":17,"href":"https:\/\/centreauditifabitibi.com\/en\/wp-json\/wp\/v2\/pages\/346\/revisions"}],"predecessor-version":[{"id":931,"href":"https:\/\/centreauditifabitibi.com\/en\/wp-json\/wp\/v2\/pages\/346\/revisions\/931"}],"wp:attachment":[{"href":"https:\/\/centreauditifabitibi.com\/en\/wp-json\/wp\/v2\/media?parent=346"}],"curies":[{"name":"wp","href":"https:\/\/api.w.org\/{rel}","templated":true}]}}